{"id":3211,"date":"2015-09-17T15:18:44","date_gmt":"2015-09-17T12:18:44","guid":{"rendered":"http:\/\/joelahtmekultuur.ee\/lookultuurikeskus\/?page_id=3211"},"modified":"2016-01-27T12:59:53","modified_gmt":"2016-01-27T10:59:53","slug":"2011-2","status":"publish","type":"page","link":"http:\/\/joelahtmekultuur.ee\/lookultuurikeskus\/galerii\/2011-2\/","title":{"rendered":"2011"},"content":{"rendered":"<p><ul class=\"ngg-breadcrumbs\">\n\t\t\t<li class=\"ngg-breadcrumb\">\n\t\t\t\t\t\t\t08.10 KODUVALLA KIRJANEITSID - HELI VIHT, MERJE KLAMAS, MAIRE PAPP\t\t\t\t\t\t\t\t<\/li>\n\t<\/ul>\n<div class=\"ngg-albumoverview\">\t\n\t<!-- List of galleries -->\n\t\t\n\t<div class=\"ngg-album\">\n\t\t<div class=\"ngg-albumtitle\"><a href=\"http:\/\/joelahtmekultuur.ee\/lookultuurikeskus\/galerii\/2011-2\/nggallery\/2011\/pihlakobara-tervisekuu-umarlaud\">PIHLAKOBARA TERVISEKUU \u00dcMARLAUD<\/a><\/div>\n\t\t\t<div class=\"ngg-albumcontent\">\n\t\t\t\t<div class=\"ngg-thumbnail\">\n\t\t\t\t\t<a href=\"http:\/\/joelahtmekultuur.ee\/lookultuurikeskus\/galerii\/2011-2\/nggallery\/2011\/pihlakobara-tervisekuu-umarlaud\"><img class=\"Thumb\" alt=\"PIHLAKOBARA TERVISEKUU \u00dcMARLAUD\" src=\"\"\/><\/a>\n\t\t\t\t<\/div>\n\t\t\t\t<div class=\"ngg-description\">\n\t\t\t\t<p><\/p>\n\t\t\t\t\t\t\t<\/div>\n\t\t<\/div>\n\t<\/div>\n\n\t\n\t<div class=\"ngg-album\">\n\t\t<div class=\"ngg-albumtitle\"><a href=\"http:\/\/joelahtmekultuur.ee\/lookultuurikeskus\/galerii\/2011-2\/nggallery\/2011\/06-01-seenioride-umarlaud-kulas-margus-kirja\">06.01 SEENIORIDE \u00dcMARLAUD, K\u00dcLAS MARGUS KIRJA<\/a><\/div>\n\t\t\t<div class=\"ngg-albumcontent\">\n\t\t\t\t<div class=\"ngg-thumbnail\">\n\t\t\t\t\t<a href=\"http:\/\/joelahtmekultuur.ee\/lookultuurikeskus\/galerii\/2011-2\/nggallery\/2011\/06-01-seenioride-umarlaud-kulas-margus-kirja\"><img class=\"Thumb\" alt=\"06.01 SEENIORIDE \u00dcMARLAUD, K\u00dcLAS MARGUS KIRJA\" src=\"http:\/\/joelahtmekultuur.ee\/lookultuurikeskus\/wp-content\/uploads\/sites\/6\/nggallery\/06-01-seenioride-umarlaud-kulas-margus-kirja\/cache\/DSCN6350-Large.JPG-nggid0520017-ngg0dyn-240x240x100-00f0w010c011r110f110r010t010.JPG\"\/><\/a>\n\t\t\t\t<\/div>\n\t\t\t\t<div class=\"ngg-description\">\n\t\t\t\t<p><\/p>\n\t\t\t\t\t\t\t\t<p class=\"ngg-album-gallery-image-counter\"><strong>2<\/strong>&nbsp;Photos<\/p>\n\t\t\t\t\t\t\t<\/div>\n\t\t<\/div>\n\t<\/div>\n\n\t\n\t<div class=\"ngg-album\">\n\t\t<div class=\"ngg-albumtitle\"><a href=\"http:\/\/joelahtmekultuur.ee\/lookultuurikeskus\/galerii\/2011-2\/nggallery\/2011\/07-01-noortepidu\">07.01 NOORTEPIDU<\/a><\/div>\n\t\t\t<div class=\"ngg-albumcontent\">\n\t\t\t\t<div class=\"ngg-thumbnail\">\n\t\t\t\t\t<a href=\"http:\/\/joelahtmekultuur.ee\/lookultuurikeskus\/galerii\/2011-2\/nggallery\/2011\/07-01-noortepidu\"><img class=\"Thumb\" alt=\"07.01 NOORTEPIDU\" src=\"http:\/\/joelahtmekultuur.ee\/lookultuurikeskus\/wp-content\/uploads\/sites\/6\/nggallery\/07-01-noortepidu\/cache\/DSCN2654-Large.JPG-nggid0520004-ngg0dyn-240x240x100-00f0w010c011r110f110r010t010.JPG\"\/><\/a>\n\t\t\t\t<\/div>\n\t\t\t\t<div class=\"ngg-description\">\n\t\t\t\t<p><\/p>\n\t\t\t\t\t\t\t\t<p class=\"ngg-album-gallery-image-counter\"><strong>13<\/strong>&nbsp;Photos<\/p>\n\t\t\t\t\t\t\t<\/div>\n\t\t<\/div>\n\t<\/div>\n\n\t\n\t<div class=\"ngg-album\">\n\t\t<div class=\"ngg-albumtitle\"><a href=\"http:\/\/joelahtmekultuur.ee\/lookultuurikeskus\/galerii\/2011-2\/nggallery\/2011\/10-01-kuuskede-poletamine\">10.01 KUUSKEDE P\u00d5LETAMINE<\/a><\/div>\n\t\t\t<div class=\"ngg-albumcontent\">\n\t\t\t\t<div class=\"ngg-thumbnail\">\n\t\t\t\t\t<a href=\"http:\/\/joelahtmekultuur.ee\/lookultuurikeskus\/galerii\/2011-2\/nggallery\/2011\/10-01-kuuskede-poletamine\"><img class=\"Thumb\" alt=\"10.01 KUUSKEDE P\u00d5LETAMINE\" src=\"http:\/\/joelahtmekultuur.ee\/lookultuurikeskus\/wp-content\/uploads\/sites\/6\/nggallery\/10-01-kuuskede-poletamine\/cache\/DSCN2669-Large.JPG-nggid0519974-ngg0dyn-240x240x100-00f0w010c011r110f110r010t010.JPG\"\/><\/a>\n\t\t\t\t<\/div>\n\t\t\t\t<div class=\"ngg-description\">\n\t\t\t\t<p><\/p>\n\t\t\t\t\t\t\t\t<p class=\"ngg-album-gallery-image-counter\"><strong>30<\/strong>&nbsp;Photos<\/p>\n\t\t\t\t\t\t\t<\/div>\n\t\t<\/div>\n\t<\/div>\n\n\t\n\t<div class=\"ngg-album\">\n\t\t<div class=\"ngg-albumtitle\"><a href=\"http:\/\/joelahtmekultuur.ee\/lookultuurikeskus\/galerii\/2011-2\/nggallery\/2011\/19-01-igor-mangi-kulaskaik\">19.01 IGOR MANGI K\u00dcLASK\u00c4IK<\/a><\/div>\n\t\t\t<div class=\"ngg-albumcontent\">\n\t\t\t\t<div class=\"ngg-thumbnail\">\n\t\t\t\t\t<a href=\"http:\/\/joelahtmekultuur.ee\/lookultuurikeskus\/galerii\/2011-2\/nggallery\/2011\/19-01-igor-mangi-kulaskaik\"><img class=\"Thumb\" alt=\"19.01 IGOR MANGI K\u00dcLASK\u00c4IK\" src=\"http:\/\/joelahtmekultuur.ee\/lookultuurikeskus\/wp-content\/uploads\/sites\/6\/nggallery\/19-01-igor-mangi-kulaskaik\/cache\/DSCN2701-Large.JPG-nggid0519959-ngg0dyn-240x240x100-00f0w010c011r110f110r010t010.JPG\"\/><\/a>\n\t\t\t\t<\/div>\n\t\t\t\t<div class=\"ngg-description\">\n\t\t\t\t<p><\/p>\n\t\t\t\t\t\t\t\t<p class=\"ngg-album-gallery-image-counter\"><strong>15<\/strong>&nbsp;Photos<\/p>\n\t\t\t\t\t\t\t<\/div>\n\t\t<\/div>\n\t<\/div>\n\n\t\n\t<div class=\"ngg-album\">\n\t\t<div class=\"ngg-albumtitle\"><a href=\"http:\/\/joelahtmekultuur.ee\/lookultuurikeskus\/galerii\/2011-2\/nggallery\/2011\/25-01-rein-rannapi-kontsert-sormepalavik\">25.01 REIN RANNAPI KONTSERT - S\u00d5RMEPALAVIK<\/a><\/div>\n\t\t\t<div class=\"ngg-albumcontent\">\n\t\t\t\t<div class=\"ngg-thumbnail\">\n\t\t\t\t\t<a href=\"http:\/\/joelahtmekultuur.ee\/lookultuurikeskus\/galerii\/2011-2\/nggallery\/2011\/25-01-rein-rannapi-kontsert-sormepalavik\"><img class=\"Thumb\" alt=\"25.01 REIN RANNAPI KONTSERT - S\u00d5RMEPALAVIK\" src=\"http:\/\/joelahtmekultuur.ee\/lookultuurikeskus\/wp-content\/uploads\/sites\/6\/nggallery\/25-01-rein-rannapi-kontsert-sormepalavik\/cache\/DSC_0504-Large.JPG-nggid0519926-ngg0dyn-240x240x100-00f0w010c011r110f110r010t010.JPG\"\/><\/a>\n\t\t\t\t<\/div>\n\t\t\t\t<div class=\"ngg-description\">\n\t\t\t\t<p><\/p>\n\t\t\t\t\t\t\t\t<p class=\"ngg-album-gallery-image-counter\"><strong>33<\/strong>&nbsp;Photos<\/p>\n\t\t\t\t\t\t\t<\/div>\n\t\t<\/div>\n\t<\/div>\n\n\t\n\t<div class=\"ngg-album\">\n\t\t<div class=\"ngg-albumtitle\"><a href=\"http:\/\/joelahtmekultuur.ee\/lookultuurikeskus\/galerii\/2011-2\/nggallery\/2011\/27-01-joelahtme-valla-sunnipaev\">27.01 J\u00d5EL\u00c4HTME VALLA S\u00dcNNIP\u00c4EV<\/a><\/div>\n\t\t\t<div class=\"ngg-albumcontent\">\n\t\t\t\t<div class=\"ngg-thumbnail\">\n\t\t\t\t\t<a href=\"http:\/\/joelahtmekultuur.ee\/lookultuurikeskus\/galerii\/2011-2\/nggallery\/2011\/27-01-joelahtme-valla-sunnipaev\"><img class=\"Thumb\" alt=\"27.01 J\u00d5EL\u00c4HTME VALLA S\u00dcNNIP\u00c4EV\" src=\"http:\/\/joelahtmekultuur.ee\/lookultuurikeskus\/wp-content\/uploads\/sites\/6\/nggallery\/27-01-joelahtme-valla-sunnipaev\/cache\/DSC_0539-Large.JPG-nggid0519904-ngg0dyn-240x240x100-00f0w010c011r110f110r010t010.JPG\"\/><\/a>\n\t\t\t\t<\/div>\n\t\t\t\t<div class=\"ngg-description\">\n\t\t\t\t<p><\/p>\n\t\t\t\t\t\t\t\t<p class=\"ngg-album-gallery-image-counter\"><strong>22<\/strong>&nbsp;Photos<\/p>\n\t\t\t\t\t\t\t<\/div>\n\t\t<\/div>\n\t<\/div>\n\n\t\n\t<div class=\"ngg-album\">\n\t\t<div class=\"ngg-albumtitle\"><a href=\"http:\/\/joelahtmekultuur.ee\/lookultuurikeskus\/galerii\/2011-2\/nggallery\/2011\/03-02-seenioride-umarlaud\">03.02 SEENIORIDE \u00dcMARLAUD<\/a><\/div>\n\t\t\t<div class=\"ngg-albumcontent\">\n\t\t\t\t<div class=\"ngg-thumbnail\">\n\t\t\t\t\t<a href=\"http:\/\/joelahtmekultuur.ee\/lookultuurikeskus\/galerii\/2011-2\/nggallery\/2011\/03-02-seenioride-umarlaud\"><img class=\"Thumb\" alt=\"03.02 SEENIORIDE \u00dcMARLAUD\" src=\"http:\/\/joelahtmekultuur.ee\/lookultuurikeskus\/wp-content\/uploads\/sites\/6\/nggallery\/03-02-seenioride-umarlaud\/cache\/DSCN6491-Large.jpg-nggid0519900-ngg0dyn-240x240x100-00f0w010c011r110f110r010t010.jpg\"\/><\/a>\n\t\t\t\t<\/div>\n\t\t\t\t<div class=\"ngg-description\">\n\t\t\t\t<p><\/p>\n\t\t\t\t\t\t\t\t<p class=\"ngg-album-gallery-image-counter\"><strong>4<\/strong>&nbsp;Photos<\/p>\n\t\t\t\t\t\t\t<\/div>\n\t\t<\/div>\n\t<\/div>\n\n\t\n\t<div class=\"ngg-album\">\n\t\t<div class=\"ngg-albumtitle\"><a href=\"http:\/\/joelahtmekultuur.ee\/lookultuurikeskus\/galerii\/2011-2\/nggallery\/2011\/04-02-tantsuohtu-taiskasvanutele\">04.02 TANTSU\u00d5HTU T\u00c4ISKASVANUTELE<\/a><\/div>\n\t\t\t<div class=\"ngg-albumcontent\">\n\t\t\t\t<div class=\"ngg-thumbnail\">\n\t\t\t\t\t<a href=\"http:\/\/joelahtmekultuur.ee\/lookultuurikeskus\/galerii\/2011-2\/nggallery\/2011\/04-02-tantsuohtu-taiskasvanutele\"><img class=\"Thumb\" alt=\"04.02 TANTSU\u00d5HTU T\u00c4ISKASVANUTELE\" src=\"http:\/\/joelahtmekultuur.ee\/lookultuurikeskus\/wp-content\/uploads\/sites\/6\/nggallery\/04-02-tantsuohtu-taiskasvanutele\/cache\/DSCN2717-Large.JPG-nggid0519884-ngg0dyn-240x240x100-00f0w010c011r110f110r010t010.JPG\"\/><\/a>\n\t\t\t\t<\/div>\n\t\t\t\t<div class=\"ngg-description\">\n\t\t\t\t<p><\/p>\n\t\t\t\t\t\t\t\t<p class=\"ngg-album-gallery-image-counter\"><strong>16<\/strong>&nbsp;Photos<\/p>\n\t\t\t\t\t\t\t<\/div>\n\t\t<\/div>\n\t<\/div>\n\n\t\n\t<div class=\"ngg-album\">\n\t\t<div class=\"ngg-albumtitle\"><a href=\"http:\/\/joelahtmekultuur.ee\/lookultuurikeskus\/galerii\/2011-2\/nggallery\/2011\/07-02-karama\">07.02 K\u00c4RAMA<\/a><\/div>\n\t\t\t<div class=\"ngg-albumcontent\">\n\t\t\t\t<div class=\"ngg-thumbnail\">\n\t\t\t\t\t<a href=\"http:\/\/joelahtmekultuur.ee\/lookultuurikeskus\/galerii\/2011-2\/nggallery\/2011\/07-02-karama\"><img class=\"Thumb\" alt=\"07.02 K\u00c4RAMA\" src=\"http:\/\/joelahtmekultuur.ee\/lookultuurikeskus\/wp-content\/uploads\/sites\/6\/nggallery\/07-02-karama\/cache\/DSCN2723-Large.JPG-nggid0519881-ngg0dyn-240x240x100-00f0w010c011r110f110r010t010.JPG\"\/><\/a>\n\t\t\t\t<\/div>\n\t\t\t\t<div class=\"ngg-description\">\n\t\t\t\t<p><\/p>\n\t\t\t\t\t\t\t\t<p class=\"ngg-album-gallery-image-counter\"><strong>3<\/strong>&nbsp;Photos<\/p>\n\t\t\t\t\t\t\t<\/div>\n\t\t<\/div>\n\t<\/div>\n\n\t\n\t<div class=\"ngg-album\">\n\t\t<div class=\"ngg-albumtitle\"><a href=\"http:\/\/joelahtmekultuur.ee\/lookultuurikeskus\/galerii\/2011-2\/nggallery\/2011\/10-02-ekslibristide-naitus\">10.02 EKSLIBRISTIDE N\u00c4ITUS<\/a><\/div>\n\t\t\t<div class=\"ngg-albumcontent\">\n\t\t\t\t<div class=\"ngg-thumbnail\">\n\t\t\t\t\t<a href=\"http:\/\/joelahtmekultuur.ee\/lookultuurikeskus\/galerii\/2011-2\/nggallery\/2011\/10-02-ekslibristide-naitus\"><img class=\"Thumb\" alt=\"10.02 EKSLIBRISTIDE N\u00c4ITUS\" src=\"http:\/\/joelahtmekultuur.ee\/lookultuurikeskus\/wp-content\/uploads\/sites\/6\/nggallery\/10-02-ekslibristide-naitus\/cache\/DSC_0044-Large.JPG-nggid0519871-ngg0dyn-240x240x100-00f0w010c011r110f110r010t010.JPG\"\/><\/a>\n\t\t\t\t<\/div>\n\t\t\t\t<div class=\"ngg-description\">\n\t\t\t\t<p><\/p>\n\t\t\t\t\t\t\t\t<p class=\"ngg-album-gallery-image-counter\"><strong>10<\/strong>&nbsp;Photos<\/p>\n\t\t\t\t\t\t\t<\/div>\n\t\t<\/div>\n\t<\/div>\n\n\t\n\t<div class=\"ngg-album\">\n\t\t<div class=\"ngg-albumtitle\"><a href=\"http:\/\/joelahtmekultuur.ee\/lookultuurikeskus\/galerii\/2011-2\/nggallery\/2011\/10-02-naitus-lapse-isetehtud-raamat\">10.02 N\u00c4ITUS - LAPSE ISETEHTUD RAAMAT<\/a><\/div>\n\t\t\t<div class=\"ngg-albumcontent\">\n\t\t\t\t<div class=\"ngg-thumbnail\">\n\t\t\t\t\t<a href=\"http:\/\/joelahtmekultuur.ee\/lookultuurikeskus\/galerii\/2011-2\/nggallery\/2011\/10-02-naitus-lapse-isetehtud-raamat\"><img class=\"Thumb\" alt=\"10.02 N\u00c4ITUS - LAPSE ISETEHTUD RAAMAT\" src=\"http:\/\/joelahtmekultuur.ee\/lookultuurikeskus\/wp-content\/uploads\/sites\/6\/nggallery\/10-02-naitus-lapse-isetehtud-raamat\/cache\/DSC_0043-Large.JPG-nggid0519854-ngg0dyn-240x240x100-00f0w010c011r110f110r010t010.JPG\"\/><\/a>\n\t\t\t\t<\/div>\n\t\t\t\t<div class=\"ngg-description\">\n\t\t\t\t<p><\/p>\n\t\t\t\t\t\t\t\t<p class=\"ngg-album-gallery-image-counter\"><strong>17<\/strong>&nbsp;Photos<\/p>\n\t\t\t\t\t\t\t<\/div>\n\t\t<\/div>\n\t<\/div>\n\n\t\n\t<div class=\"ngg-album\">\n\t\t<div class=\"ngg-albumtitle\"><a href=\"http:\/\/joelahtmekultuur.ee\/lookultuurikeskus\/galerii\/2011-2\/nggallery\/2011\/10-02-maire-papi-luulekogu-eluring-esitlus\">10.02 MAIRE PAPI LUULEKOGU \"ELURING\" ESITLUS<\/a><\/div>\n\t\t\t<div class=\"ngg-albumcontent\">\n\t\t\t\t<div class=\"ngg-thumbnail\">\n\t\t\t\t\t<a href=\"http:\/\/joelahtmekultuur.ee\/lookultuurikeskus\/galerii\/2011-2\/nggallery\/2011\/10-02-maire-papi-luulekogu-eluring-esitlus\"><img class=\"Thumb\" alt=\"10.02 MAIRE PAPI LUULEKOGU &quot;ELURING&quot; ESITLUS\" src=\"http:\/\/joelahtmekultuur.ee\/lookultuurikeskus\/wp-content\/uploads\/sites\/6\/nggallery\/10-02-maire-papi-luulekogu-eluring-esitlus\/cache\/DSC_0060-Large.JPG-nggid0519767-ngg0dyn-240x240x100-00f0w010c011r110f110r010t010.JPG\"\/><\/a>\n\t\t\t\t<\/div>\n\t\t\t\t<div class=\"ngg-description\">\n\t\t\t\t<p><\/p>\n\t\t\t\t\t\t\t\t<p class=\"ngg-album-gallery-image-counter\"><strong>87<\/strong>&nbsp;Photos<\/p>\n\t\t\t\t\t\t\t<\/div>\n\t\t<\/div>\n\t<\/div>\n\n\t\n\t<div class=\"ngg-album\">\n\t\t<div class=\"ngg-albumtitle\"><a href=\"http:\/\/joelahtmekultuur.ee\/lookultuurikeskus\/galerii\/2011-2\/nggallery\/2011\/14-02-sobrapaeva-noortepidu\">14.02 S\u00d5BRAP\u00c4EVA NOORTEPIDU<\/a><\/div>\n\t\t\t<div class=\"ngg-albumcontent\">\n\t\t\t\t<div class=\"ngg-thumbnail\">\n\t\t\t\t\t<a href=\"http:\/\/joelahtmekultuur.ee\/lookultuurikeskus\/galerii\/2011-2\/nggallery\/2011\/14-02-sobrapaeva-noortepidu\"><img class=\"Thumb\" alt=\"14.02 S\u00d5BRAP\u00c4EVA NOORTEPIDU\" src=\"http:\/\/joelahtmekultuur.ee\/lookultuurikeskus\/wp-content\/uploads\/sites\/6\/nggallery\/14-02-sobrapaeva-noortepidu\/cache\/DSC_0032-Large.JPG-nggid0519648-ngg0dyn-240x240x100-00f0w010c011r110f110r010t010.JPG\"\/><\/a>\n\t\t\t\t<\/div>\n\t\t\t\t<div class=\"ngg-description\">\n\t\t\t\t<p><\/p>\n\t\t\t\t\t\t\t\t<p class=\"ngg-album-gallery-image-counter\"><strong>119<\/strong>&nbsp;Photos<\/p>\n\t\t\t\t\t\t\t<\/div>\n\t\t<\/div>\n\t<\/div>\n\n\t\n\t<div class=\"ngg-album\">\n\t\t<div class=\"ngg-albumtitle\"><a href=\"http:\/\/joelahtmekultuur.ee\/lookultuurikeskus\/galerii\/2011-2\/nggallery\/2011\/15-02-loo-seenioride-klubi-sobrapaevapidu\">15.02 LOO SEENIORIDE KLUBI S\u00d5BRAP\u00c4EVAPIDU<\/a><\/div>\n\t\t\t<div class=\"ngg-albumcontent\">\n\t\t\t\t<div class=\"ngg-thumbnail\">\n\t\t\t\t\t<a href=\"http:\/\/joelahtmekultuur.ee\/lookultuurikeskus\/galerii\/2011-2\/nggallery\/2011\/15-02-loo-seenioride-klubi-sobrapaevapidu\"><img class=\"Thumb\" alt=\"15.02 LOO SEENIORIDE KLUBI S\u00d5BRAP\u00c4EVAPIDU\" src=\"http:\/\/joelahtmekultuur.ee\/lookultuurikeskus\/wp-content\/uploads\/sites\/6\/nggallery\/15-02-loo-seenioride-klubi-sobrapaevapidu\/cache\/DSCN6609-Large.JPG-nggid0519606-ngg0dyn-240x240x100-00f0w010c011r110f110r010t010.JPG\"\/><\/a>\n\t\t\t\t<\/div>\n\t\t\t\t<div class=\"ngg-description\">\n\t\t\t\t<p><\/p>\n\t\t\t\t\t\t\t\t<p class=\"ngg-album-gallery-image-counter\"><strong>42<\/strong>&nbsp;Photos<\/p>\n\t\t\t\t\t\t\t<\/div>\n\t\t<\/div>\n\t<\/div>\n\n\t\n\t<div class=\"ngg-album\">\n\t\t<div class=\"ngg-albumtitle\"><a href=\"http:\/\/joelahtmekultuur.ee\/lookultuurikeskus\/galerii\/2011-2\/nggallery\/2011\/16-02-kontsert-kevadele-vastu\">16.02 KONTSERT - KEVADELE VASTU<\/a><\/div>\n\t\t\t<div class=\"ngg-albumcontent\">\n\t\t\t\t<div class=\"ngg-thumbnail\">\n\t\t\t\t\t<a href=\"http:\/\/joelahtmekultuur.ee\/lookultuurikeskus\/galerii\/2011-2\/nggallery\/2011\/16-02-kontsert-kevadele-vastu\"><img class=\"Thumb\" alt=\"16.02 KONTSERT - KEVADELE VASTU\" src=\"http:\/\/joelahtmekultuur.ee\/lookultuurikeskus\/wp-content\/uploads\/sites\/6\/nggallery\/16-02-kontsert-kevadele-vastu\/cache\/DSCN6644-Large.JPG-nggid0519601-ngg0dyn-240x240x100-00f0w010c011r110f110r010t010.JPG\"\/><\/a>\n\t\t\t\t<\/div>\n\t\t\t\t<div class=\"ngg-description\">\n\t\t\t\t<p><\/p>\n\t\t\t\t\t\t\t\t<p class=\"ngg-album-gallery-image-counter\"><strong>5<\/strong>&nbsp;Photos<\/p>\n\t\t\t\t\t\t\t<\/div>\n\t\t<\/div>\n\t<\/div>\n\n\t\n\t<div class=\"ngg-album\">\n\t\t<div class=\"ngg-albumtitle\"><a href=\"http:\/\/joelahtmekultuur.ee\/lookultuurikeskus\/galerii\/2011-2\/nggallery\/2011\/18-02-naisteklubi-katariina\">18.02 NAISTEKLUBI KATARIINA<\/a><\/div>\n\t\t\t<div class=\"ngg-albumcontent\">\n\t\t\t\t<div class=\"ngg-thumbnail\">\n\t\t\t\t\t<a href=\"http:\/\/joelahtmekultuur.ee\/lookultuurikeskus\/galerii\/2011-2\/nggallery\/2011\/18-02-naisteklubi-katariina\"><img class=\"Thumb\" alt=\"18.02 NAISTEKLUBI KATARIINA\" src=\"http:\/\/joelahtmekultuur.ee\/lookultuurikeskus\/wp-content\/uploads\/sites\/6\/nggallery\/18-02-naisteklubi-katariina\/cache\/DSC_0031-Large.JPG-nggid0519560-ngg0dyn-240x240x100-00f0w010c011r110f110r010t010.JPG\"\/><\/a>\n\t\t\t\t<\/div>\n\t\t\t\t<div class=\"ngg-description\">\n\t\t\t\t<p><\/p>\n\t\t\t\t\t\t\t\t<p class=\"ngg-album-gallery-image-counter\"><strong>41<\/strong>&nbsp;Photos<\/p>\n\t\t\t\t\t\t\t<\/div>\n\t\t<\/div>\n\t<\/div>\n\n\t\n\t<div class=\"ngg-album\">\n\t\t<div class=\"ngg-albumtitle\"><a href=\"http:\/\/joelahtmekultuur.ee\/lookultuurikeskus\/galerii\/2011-2\/nggallery\/2011\/23-03-eesti-vabariigi-93-aastapaev\">23.03 EESTI VABARIIGI 93. AASTAP\u00c4EV<\/a><\/div>\n\t\t\t<div class=\"ngg-albumcontent\">\n\t\t\t\t<div class=\"ngg-thumbnail\">\n\t\t\t\t\t<a href=\"http:\/\/joelahtmekultuur.ee\/lookultuurikeskus\/galerii\/2011-2\/nggallery\/2011\/23-03-eesti-vabariigi-93-aastapaev\"><img class=\"Thumb\" alt=\"23.03 EESTI VABARIIGI 93. AASTAP\u00c4EV\" src=\"http:\/\/joelahtmekultuur.ee\/lookultuurikeskus\/wp-content\/uploads\/sites\/6\/nggallery\/23-03-eesti-vabariigi-93-aastapaev\/cache\/DSC_0073-Large.JPG-nggid0519487-ngg0dyn-240x240x100-00f0w010c011r110f110r010t010.JPG\"\/><\/a>\n\t\t\t\t<\/div>\n\t\t\t\t<div class=\"ngg-description\">\n\t\t\t\t<p><\/p>\n\t\t\t\t\t\t\t\t<p class=\"ngg-album-gallery-image-counter\"><strong>73<\/strong>&nbsp;Photos<\/p>\n\t\t\t\t\t\t\t<\/div>\n\t\t<\/div>\n\t<\/div>\n\n\t\n\t<div class=\"ngg-album\">\n\t\t<div class=\"ngg-albumtitle\"><a href=\"http:\/\/joelahtmekultuur.ee\/lookultuurikeskus\/galerii\/2011-2\/nggallery\/2011\/04-03-lobus-vastlapaev\">04.03 L\u00d5BUS VASTLAP\u00c4EV<\/a><\/div>\n\t\t\t<div class=\"ngg-albumcontent\">\n\t\t\t\t<div class=\"ngg-thumbnail\">\n\t\t\t\t\t<a href=\"http:\/\/joelahtmekultuur.ee\/lookultuurikeskus\/galerii\/2011-2\/nggallery\/2011\/04-03-lobus-vastlapaev\"><img class=\"Thumb\" alt=\"04.03 L\u00d5BUS VASTLAP\u00c4EV\" src=\"http:\/\/joelahtmekultuur.ee\/lookultuurikeskus\/wp-content\/uploads\/sites\/6\/nggallery\/04-03-lobus-vastlapaev\/cache\/DSCN2819-Large.JPG-nggid0519457-ngg0dyn-240x240x100-00f0w010c011r110f110r010t010.JPG\"\/><\/a>\n\t\t\t\t<\/div>\n\t\t\t\t<div class=\"ngg-description\">\n\t\t\t\t<p><\/p>\n\t\t\t\t\t\t\t\t<p class=\"ngg-album-gallery-image-counter\"><strong>30<\/strong>&nbsp;Photos<\/p>\n\t\t\t\t\t\t\t<\/div>\n\t\t<\/div>\n\t<\/div>\n\n\t\n\t<div class=\"ngg-album\">\n\t\t<div class=\"ngg-albumtitle\"><a href=\"http:\/\/joelahtmekultuur.ee\/lookultuurikeskus\/galerii\/2011-2\/nggallery\/2011\/07-03-noorkuu-naistepaeva-kontsert\">07.03 NOORKUU - NAISTEP\u00c4EVA KONTSERT<\/a><\/div>\n\t\t\t<div class=\"ngg-albumcontent\">\n\t\t\t\t<div class=\"ngg-thumbnail\">\n\t\t\t\t\t<a href=\"http:\/\/joelahtmekultuur.ee\/lookultuurikeskus\/galerii\/2011-2\/nggallery\/2011\/07-03-noorkuu-naistepaeva-kontsert\"><img class=\"Thumb\" alt=\"07.03 NOORKUU - NAISTEP\u00c4EVA KONTSERT\" src=\"http:\/\/joelahtmekultuur.ee\/lookultuurikeskus\/wp-content\/uploads\/sites\/6\/nggallery\/07-03-noorkuu-naistepaeva-kontsert\/cache\/DSC_0228-Large.JPG-nggid0519436-ngg0dyn-240x240x100-00f0w010c011r110f110r010t010.JPG\"\/><\/a>\n\t\t\t\t<\/div>\n\t\t\t\t<div class=\"ngg-description\">\n\t\t\t\t<p><\/p>\n\t\t\t\t\t\t\t\t<p class=\"ngg-album-gallery-image-counter\"><strong>21<\/strong>&nbsp;Photos<\/p>\n\t\t\t\t\t\t\t<\/div>\n\t\t<\/div>\n\t<\/div>\n\n\t\n\t<div class=\"ngg-album\">\n\t\t<div class=\"ngg-albumtitle\"><a href=\"http:\/\/joelahtmekultuur.ee\/lookultuurikeskus\/galerii\/2011-2\/nggallery\/2011\/2011-aeroobika\">2011 AEROOBIKA<\/a><\/div>\n\t\t\t<div class=\"ngg-albumcontent\">\n\t\t\t\t<div class=\"ngg-thumbnail\">\n\t\t\t\t\t<a href=\"http:\/\/joelahtmekultuur.ee\/lookultuurikeskus\/galerii\/2011-2\/nggallery\/2011\/2011-aeroobika\"><img class=\"Thumb\" alt=\"2011 AEROOBIKA\" src=\"http:\/\/joelahtmekultuur.ee\/lookultuurikeskus\/wp-content\/uploads\/sites\/6\/nggallery\/2011-aeroobika\/cache\/DSCN2888-Large.JPG-nggid0519429-ngg0dyn-240x240x100-00f0w010c011r110f110r010t010.JPG\"\/><\/a>\n\t\t\t\t<\/div>\n\t\t\t\t<div class=\"ngg-description\">\n\t\t\t\t<p><\/p>\n\t\t\t\t\t\t\t\t<p class=\"ngg-album-gallery-image-counter\"><strong>7<\/strong>&nbsp;Photos<\/p>\n\t\t\t\t\t\t\t<\/div>\n\t\t<\/div>\n\t<\/div>\n\n\t\n\t<div class=\"ngg-album\">\n\t\t<div class=\"ngg-albumtitle\"><a href=\"http:\/\/joelahtmekultuur.ee\/lookultuurikeskus\/galerii\/2011-2\/nggallery\/2011\/18-03-loo-beebikooli-nukupidu\">18.03 LOO BEEBIKOOLI NUKUPIDU<\/a><\/div>\n\t\t\t<div class=\"ngg-albumcontent\">\n\t\t\t\t<div class=\"ngg-thumbnail\">\n\t\t\t\t\t<a href=\"http:\/\/joelahtmekultuur.ee\/lookultuurikeskus\/galerii\/2011-2\/nggallery\/2011\/18-03-loo-beebikooli-nukupidu\"><img class=\"Thumb\" alt=\"18.03 LOO BEEBIKOOLI NUKUPIDU\" src=\"http:\/\/joelahtmekultuur.ee\/lookultuurikeskus\/wp-content\/uploads\/sites\/6\/nggallery\/18-03-loo-beebikooli-nukupidu\/cache\/DSCN6731-Large.JPG-nggid0519422-ngg0dyn-240x240x100-00f0w010c011r110f110r010t010.JPG\"\/><\/a>\n\t\t\t\t<\/div>\n\t\t\t\t<div class=\"ngg-description\">\n\t\t\t\t<p><\/p>\n\t\t\t\t\t\t\t\t<p class=\"ngg-album-gallery-image-counter\"><strong>7<\/strong>&nbsp;Photos<\/p>\n\t\t\t\t\t\t\t<\/div>\n\t\t<\/div>\n\t<\/div>\n\n\t\n\t<div class=\"ngg-album\">\n\t\t<div class=\"ngg-albumtitle\"><a href=\"http:\/\/joelahtmekultuur.ee\/lookultuurikeskus\/galerii\/2011-2\/nggallery\/2011\/23-03-kevadet-otismas-martin-nassi-4b\">23.03 KEVADET OTISMAS - MARTIN N\u00c4SSI 4B<\/a><\/div>\n\t\t\t<div class=\"ngg-albumcontent\">\n\t\t\t\t<div class=\"ngg-thumbnail\">\n\t\t\t\t\t<a href=\"http:\/\/joelahtmekultuur.ee\/lookultuurikeskus\/galerii\/2011-2\/nggallery\/2011\/23-03-kevadet-otismas-martin-nassi-4b\"><img class=\"Thumb\" alt=\"23.03 KEVADET OTISMAS - MARTIN N\u00c4SSI 4B\" src=\"http:\/\/joelahtmekultuur.ee\/lookultuurikeskus\/wp-content\/uploads\/sites\/6\/nggallery\/23-03-kevadet-otismas-martin-nassi-4b\/cache\/7-Large.JPG-nggid0519391-ngg0dyn-240x240x100-00f0w010c011r110f110r010t010.JPG\"\/><\/a>\n\t\t\t\t<\/div>\n\t\t\t\t<div class=\"ngg-description\">\n\t\t\t\t<p><\/p>\n\t\t\t\t\t\t\t\t<p class=\"ngg-album-gallery-image-counter\"><strong>8<\/strong>&nbsp;Photos<\/p>\n\t\t\t\t\t\t\t<\/div>\n\t\t<\/div>\n\t<\/div>\n\n\t\n\t<div class=\"ngg-album\">\n\t\t<div class=\"ngg-albumtitle\"><a href=\"http:\/\/joelahtmekultuur.ee\/lookultuurikeskus\/galerii\/2011-2\/nggallery\/2011\/23-03-kevadet-otsimas-taisto-tamm-5b\">23.03 KEVADET OTSIMAS - TAISTO TAMM 5B<\/a><\/div>\n\t\t\t<div class=\"ngg-albumcontent\">\n\t\t\t\t<div class=\"ngg-thumbnail\">\n\t\t\t\t\t<a href=\"http:\/\/joelahtmekultuur.ee\/lookultuurikeskus\/galerii\/2011-2\/nggallery\/2011\/23-03-kevadet-otsimas-taisto-tamm-5b\"><img class=\"Thumb\" alt=\"23.03 KEVADET OTSIMAS - TAISTO TAMM 5B\" src=\"http:\/\/joelahtmekultuur.ee\/lookultuurikeskus\/wp-content\/uploads\/sites\/6\/nggallery\/23-03-kevadet-otsimas-taisto-tamm-5b\/cache\/SDC10967-Large.JPG-nggid0519399-ngg0dyn-240x240x100-00f0w010c011r110f110r010t010.JPG\"\/><\/a>\n\t\t\t\t<\/div>\n\t\t\t\t<div class=\"ngg-description\">\n\t\t\t\t<p><\/p>\n\t\t\t\t\t\t\t\t<p class=\"ngg-album-gallery-image-counter\"><strong>23<\/strong>&nbsp;Photos<\/p>\n\t\t\t\t\t\t\t<\/div>\n\t\t<\/div>\n\t<\/div>\n\n\t\n\t<div class=\"ngg-album\">\n\t\t<div class=\"ngg-albumtitle\"><a href=\"http:\/\/joelahtmekultuur.ee\/lookultuurikeskus\/galerii\/2011-2\/nggallery\/2011\/23-03-kevadet-otsimas-karmo-viherpuu-2a\">23.03 KEVADET OTSIMAS - KARMO VIHERPUU 2A<\/a><\/div>\n\t\t\t<div class=\"ngg-albumcontent\">\n\t\t\t\t<div class=\"ngg-thumbnail\">\n\t\t\t\t\t<a href=\"http:\/\/joelahtmekultuur.ee\/lookultuurikeskus\/galerii\/2011-2\/nggallery\/2011\/23-03-kevadet-otsimas-karmo-viherpuu-2a\"><img class=\"Thumb\" alt=\"23.03 KEVADET OTSIMAS - KARMO VIHERPUU 2A\" src=\"http:\/\/joelahtmekultuur.ee\/lookultuurikeskus\/wp-content\/uploads\/sites\/6\/nggallery\/23-03-kevadet-otsimas-karmo-viherpuu-2a\/cache\/FILE0448-Large.JPG-nggid0519304-ngg0dyn-240x240x100-00f0w010c011r110f110r010t010.JPG\"\/><\/a>\n\t\t\t\t<\/div>\n\t\t\t\t<div class=\"ngg-description\">\n\t\t\t\t<p><\/p>\n\t\t\t\t\t\t\t\t<p class=\"ngg-album-gallery-image-counter\"><strong>87<\/strong>&nbsp;Photos<\/p>\n\t\t\t\t\t\t\t<\/div>\n\t\t<\/div>\n\t<\/div>\n\n\t\n\t<div class=\"ngg-album\">\n\t\t<div class=\"ngg-albumtitle\"><a href=\"http:\/\/joelahtmekultuur.ee\/lookultuurikeskus\/galerii\/2011-2\/nggallery\/2011\/23-03-kevadet-otsimas-hilda-mannik\">23.03 KEVADET OTSIMAS - HILDA M\u00c4NNIK<\/a><\/div>\n\t\t\t<div class=\"ngg-albumcontent\">\n\t\t\t\t<div class=\"ngg-thumbnail\">\n\t\t\t\t\t<a href=\"http:\/\/joelahtmekultuur.ee\/lookultuurikeskus\/galerii\/2011-2\/nggallery\/2011\/23-03-kevadet-otsimas-hilda-mannik\"><img class=\"Thumb\" alt=\"23.03 KEVADET OTSIMAS - HILDA M\u00c4NNIK\" src=\"http:\/\/joelahtmekultuur.ee\/lookultuurikeskus\/wp-content\/uploads\/sites\/6\/nggallery\/23-03-kevadet-otsimas-hilda-mannik\/cache\/DSCN2854-Large.JPG-nggid0519262-ngg0dyn-240x240x100-00f0w010c011r110f110r010t010.JPG\"\/><\/a>\n\t\t\t\t<\/div>\n\t\t\t\t<div class=\"ngg-description\">\n\t\t\t\t<p><\/p>\n\t\t\t\t\t\t\t\t<p class=\"ngg-album-gallery-image-counter\"><strong>42<\/strong>&nbsp;Photos<\/p>\n\t\t\t\t\t\t\t<\/div>\n\t\t<\/div>\n\t<\/div>\n\n\t\n\t<div class=\"ngg-album\">\n\t\t<div class=\"ngg-albumtitle\"><a href=\"http:\/\/joelahtmekultuur.ee\/lookultuurikeskus\/galerii\/2011-2\/nggallery\/2011\/23-03-kevadet-otsimas-gerda-klandorf-5b\">23.03 KEVADET OTSIMAS - GERDA KLANDORF 5B<\/a><\/div>\n\t\t\t<div class=\"ngg-albumcontent\">\n\t\t\t\t<div class=\"ngg-thumbnail\">\n\t\t\t\t\t<a href=\"http:\/\/joelahtmekultuur.ee\/lookultuurikeskus\/galerii\/2011-2\/nggallery\/2011\/23-03-kevadet-otsimas-gerda-klandorf-5b\"><img class=\"Thumb\" alt=\"23.03 KEVADET OTSIMAS - GERDA KLANDORF 5B\" src=\"http:\/\/joelahtmekultuur.ee\/lookultuurikeskus\/wp-content\/uploads\/sites\/6\/nggallery\/23-03-kevadet-otsimas-gerda-klandorf-5b\/cache\/P1030733-Large.JPG-nggid0519193-ngg0dyn-240x240x100-00f0w010c011r110f110r010t010.JPG\"\/><\/a>\n\t\t\t\t<\/div>\n\t\t\t\t<div class=\"ngg-description\">\n\t\t\t\t<p><\/p>\n\t\t\t\t\t\t\t\t<p class=\"ngg-album-gallery-image-counter\"><strong>69<\/strong>&nbsp;Photos<\/p>\n\t\t\t\t\t\t\t<\/div>\n\t\t<\/div>\n\t<\/div>\n\n\t\n\t<div class=\"ngg-album\">\n\t\t<div class=\"ngg-albumtitle\"><a href=\"http:\/\/joelahtmekultuur.ee\/lookultuurikeskus\/galerii\/2011-2\/nggallery\/2011\/24-03-ansambli-valjasoit-kiisa-rahvamajja\">24.03 ANSAMBLI V\u00c4LJAS\u00d5IT KIISA RAHVAMAJJA<\/a><\/div>\n\t\t\t<div class=\"ngg-albumcontent\">\n\t\t\t\t<div class=\"ngg-thumbnail\">\n\t\t\t\t\t<a href=\"http:\/\/joelahtmekultuur.ee\/lookultuurikeskus\/galerii\/2011-2\/nggallery\/2011\/24-03-ansambli-valjasoit-kiisa-rahvamajja\"><img class=\"Thumb\" alt=\"24.03 ANSAMBLI V\u00c4LJAS\u00d5IT KIISA RAHVAMAJJA\" src=\"http:\/\/joelahtmekultuur.ee\/lookultuurikeskus\/wp-content\/uploads\/sites\/6\/nggallery\/24-03-ansambli-valjasoit-kiisa-rahvamajja\/cache\/DSCN6760-Large.JPG-nggid0519181-ngg0dyn-240x240x100-00f0w010c011r110f110r010t010.JPG\"\/><\/a>\n\t\t\t\t<\/div>\n\t\t\t\t<div class=\"ngg-description\">\n\t\t\t\t<p><\/p>\n\t\t\t\t\t\t\t\t<p class=\"ngg-album-gallery-image-counter\"><strong>12<\/strong>&nbsp;Photos<\/p>\n\t\t\t\t\t\t\t<\/div>\n\t\t<\/div>\n\t<\/div>\n\n\t\n\t<div class=\"ngg-album\">\n\t\t<div class=\"ngg-albumtitle\"><a href=\"http:\/\/joelahtmekultuur.ee\/lookultuurikeskus\/galerii\/2011-2\/nggallery\/2011\/24-03-koolivaheaja-tantsuohtu\">24.03 KOOLIVAHEAJA TANTSU\u00d5HTU<\/a><\/div>\n\t\t\t<div class=\"ngg-albumcontent\">\n\t\t\t\t<div class=\"ngg-thumbnail\">\n\t\t\t\t\t<a href=\"http:\/\/joelahtmekultuur.ee\/lookultuurikeskus\/galerii\/2011-2\/nggallery\/2011\/24-03-koolivaheaja-tantsuohtu\"><img class=\"Thumb\" alt=\"24.03 KOOLIVAHEAJA TANTSU\u00d5HTU\" src=\"http:\/\/joelahtmekultuur.ee\/lookultuurikeskus\/wp-content\/uploads\/sites\/6\/nggallery\/24-03-koolivaheaja-tantsuohtu\/cache\/DSC_0298-Large.JPG-nggid0519122-ngg0dyn-240x240x100-00f0w010c011r110f110r010t010.JPG\"\/><\/a>\n\t\t\t\t<\/div>\n\t\t\t\t<div class=\"ngg-description\">\n\t\t\t\t<p><\/p>\n\t\t\t\t\t\t\t\t<p class=\"ngg-album-gallery-image-counter\"><strong>59<\/strong>&nbsp;Photos<\/p>\n\t\t\t\t\t\t\t<\/div>\n\t\t<\/div>\n\t<\/div>\n\n\t\n\t<div class=\"ngg-album\">\n\t\t<div class=\"ngg-albumtitle\"><a href=\"http:\/\/joelahtmekultuur.ee\/lookultuurikeskus\/galerii\/2011-2\/nggallery\/2011\/30-03-seenioride-teatrikuu-pidu\">30.03 SEENIORIDE TEATRIKUU PIDU<\/a><\/div>\n\t\t\t<div class=\"ngg-albumcontent\">\n\t\t\t\t<div class=\"ngg-thumbnail\">\n\t\t\t\t\t<a href=\"http:\/\/joelahtmekultuur.ee\/lookultuurikeskus\/galerii\/2011-2\/nggallery\/2011\/30-03-seenioride-teatrikuu-pidu\"><img class=\"Thumb\" alt=\"30.03 SEENIORIDE TEATRIKUU PIDU\" src=\"http:\/\/joelahtmekultuur.ee\/lookultuurikeskus\/wp-content\/uploads\/sites\/6\/nggallery\/30-03-seenioride-teatrikuu-pidu\/cache\/DSC_0287-Large.JPG-nggid0519015-ngg0dyn-240x240x100-00f0w010c011r110f110r010t010.JPG\"\/><\/a>\n\t\t\t\t<\/div>\n\t\t\t\t<div class=\"ngg-description\">\n\t\t\t\t<p><\/p>\n\t\t\t\t\t\t\t\t<p class=\"ngg-album-gallery-image-counter\"><strong>107<\/strong>&nbsp;Photos<\/p>\n\t\t\t\t\t\t\t<\/div>\n\t\t<\/div>\n\t<\/div>\n\n\t\n\t<div class=\"ngg-album\">\n\t\t<div class=\"ngg-albumtitle\"><a href=\"http:\/\/joelahtmekultuur.ee\/lookultuurikeskus\/galerii\/2011-2\/nggallery\/2011\/03-04-joelahtme-laululaps-2011\">03.04 J\u00d5EL\u00c4HTME LAULULAPS 2011<\/a><\/div>\n\t\t\t<div class=\"ngg-albumcontent\">\n\t\t\t\t<div class=\"ngg-thumbnail\">\n\t\t\t\t\t<a href=\"http:\/\/joelahtmekultuur.ee\/lookultuurikeskus\/galerii\/2011-2\/nggallery\/2011\/03-04-joelahtme-laululaps-2011\"><img class=\"Thumb\" alt=\"03.04 J\u00d5EL\u00c4HTME LAULULAPS 2011\" src=\"http:\/\/joelahtmekultuur.ee\/lookultuurikeskus\/wp-content\/uploads\/sites\/6\/nggallery\/03-04-joelahtme-laululaps-2011\/cache\/DSCN2909-Large.JPG-nggid0518929-ngg0dyn-240x240x100-00f0w010c011r110f110r010t010.JPG\"\/><\/a>\n\t\t\t\t<\/div>\n\t\t\t\t<div class=\"ngg-description\">\n\t\t\t\t<p><\/p>\n\t\t\t\t\t\t\t\t<p class=\"ngg-album-gallery-image-counter\"><strong>86<\/strong>&nbsp;Photos<\/p>\n\t\t\t\t\t\t\t<\/div>\n\t\t<\/div>\n\t<\/div>\n\n\t\n\t<div class=\"ngg-album\">\n\t\t<div class=\"ngg-albumtitle\"><a href=\"http:\/\/joelahtmekultuur.ee\/lookultuurikeskus\/galerii\/2011-2\/nggallery\/2011\/04-04-manguasjade-naitus-janesed-ja-kassid\">04.04 M\u00c4NGUASJADE N\u00c4ITUS - J\u00c4NESED JA KASSID<\/a><\/div>\n\t\t\t<div class=\"ngg-albumcontent\">\n\t\t\t\t<div class=\"ngg-thumbnail\">\n\t\t\t\t\t<a href=\"http:\/\/joelahtmekultuur.ee\/lookultuurikeskus\/galerii\/2011-2\/nggallery\/2011\/04-04-manguasjade-naitus-janesed-ja-kassid\"><img class=\"Thumb\" alt=\"04.04 M\u00c4NGUASJADE N\u00c4ITUS - J\u00c4NESED JA KASSID\" src=\"http:\/\/joelahtmekultuur.ee\/lookultuurikeskus\/wp-content\/uploads\/sites\/6\/nggallery\/04-04-manguasjade-naitus-janesed-ja-kassid\/cache\/DSCN2992-Large.JPG-nggid0518918-ngg0dyn-240x240x100-00f0w010c011r110f110r010t010.JPG\"\/><\/a>\n\t\t\t\t<\/div>\n\t\t\t\t<div class=\"ngg-description\">\n\t\t\t\t<p><\/p>\n\t\t\t\t\t\t\t\t<p class=\"ngg-album-gallery-image-counter\"><strong>11<\/strong>&nbsp;Photos<\/p>\n\t\t\t\t\t\t\t<\/div>\n\t\t<\/div>\n\t<\/div>\n\n\t\n\t<div class=\"ngg-album\">\n\t\t<div class=\"ngg-albumtitle\"><a href=\"http:\/\/joelahtmekultuur.ee\/lookultuurikeskus\/galerii\/2011-2\/nggallery\/2011\/06-04-maardu-loo-segakoori-kontsert\">06.04 MAARDU-LOO SEGAKOORI KONTSERT<\/a><\/div>\n\t\t\t<div class=\"ngg-albumcontent\">\n\t\t\t\t<div class=\"ngg-thumbnail\">\n\t\t\t\t\t<a href=\"http:\/\/joelahtmekultuur.ee\/lookultuurikeskus\/galerii\/2011-2\/nggallery\/2011\/06-04-maardu-loo-segakoori-kontsert\"><img class=\"Thumb\" alt=\"06.04 MAARDU-LOO SEGAKOORI KONTSERT\" src=\"http:\/\/joelahtmekultuur.ee\/lookultuurikeskus\/wp-content\/uploads\/sites\/6\/nggallery\/06-04-maardu-loo-segakoori-kontsert\/cache\/DSC_0439-Large.JPG-nggid0518879-ngg0dyn-240x240x100-00f0w010c011r110f110r010t010.JPG\"\/><\/a>\n\t\t\t\t<\/div>\n\t\t\t\t<div class=\"ngg-description\">\n\t\t\t\t<p><\/p>\n\t\t\t\t\t\t\t\t<p class=\"ngg-album-gallery-image-counter\"><strong>39<\/strong>&nbsp;Photos<\/p>\n\t\t\t\t\t\t\t<\/div>\n\t\t<\/div>\n\t<\/div>\n\n\t\n\t<div class=\"ngg-album\">\n\t\t<div class=\"ngg-albumtitle\"><a href=\"http:\/\/joelahtmekultuur.ee\/lookultuurikeskus\/galerii\/2011-2\/nggallery\/2011\/09-04-kevadkontsert\">09.04 KEVADKONTSERT<\/a><\/div>\n\t\t\t<div class=\"ngg-albumcontent\">\n\t\t\t\t<div class=\"ngg-thumbnail\">\n\t\t\t\t\t<a href=\"http:\/\/joelahtmekultuur.ee\/lookultuurikeskus\/galerii\/2011-2\/nggallery\/2011\/09-04-kevadkontsert\"><img class=\"Thumb\" alt=\"09.04 KEVADKONTSERT\" src=\"http:\/\/joelahtmekultuur.ee\/lookultuurikeskus\/wp-content\/uploads\/sites\/6\/nggallery\/09-04-kevadkontsert\/cache\/DSCN3008-Large.JPG-nggid0518854-ngg0dyn-240x240x100-00f0w010c011r110f110r010t010.JPG\"\/><\/a>\n\t\t\t\t<\/div>\n\t\t\t\t<div class=\"ngg-description\">\n\t\t\t\t<p><\/p>\n\t\t\t\t\t\t\t\t<p class=\"ngg-album-gallery-image-counter\"><strong>25<\/strong>&nbsp;Photos<\/p>\n\t\t\t\t\t\t\t<\/div>\n\t\t<\/div>\n\t<\/div>\n\n\t\n\t<div class=\"ngg-album\">\n\t\t<div class=\"ngg-albumtitle\"><a href=\"http:\/\/joelahtmekultuur.ee\/lookultuurikeskus\/galerii\/2011-2\/nggallery\/2011\/14-04-aare-varte-60\">14.04 AARE V\u00c4RTE 60<\/a><\/div>\n\t\t\t<div class=\"ngg-albumcontent\">\n\t\t\t\t<div class=\"ngg-thumbnail\">\n\t\t\t\t\t<a href=\"http:\/\/joelahtmekultuur.ee\/lookultuurikeskus\/galerii\/2011-2\/nggallery\/2011\/14-04-aare-varte-60\"><img class=\"Thumb\" alt=\"14.04 AARE V\u00c4RTE 60\" src=\"http:\/\/joelahtmekultuur.ee\/lookultuurikeskus\/wp-content\/uploads\/sites\/6\/nggallery\/14-04-aare-varte-60\/cache\/DSCN3038-Large.JPG-nggid0518814-ngg0dyn-240x240x100-00f0w010c011r110f110r010t010.JPG\"\/><\/a>\n\t\t\t\t<\/div>\n\t\t\t\t<div class=\"ngg-description\">\n\t\t\t\t<p><\/p>\n\t\t\t\t\t\t\t\t<p class=\"ngg-album-gallery-image-counter\"><strong>40<\/strong>&nbsp;Photos<\/p>\n\t\t\t\t\t\t\t<\/div>\n\t\t<\/div>\n\t<\/div>\n\n\t\n\t<div class=\"ngg-album\">\n\t\t<div class=\"ngg-albumtitle\"><a href=\"http:\/\/joelahtmekultuur.ee\/lookultuurikeskus\/galerii\/2011-2\/nggallery\/2011\/24-04-munaskulptuuri-taasavamine\">24.04 MUNASKULPTUURI TAASAVAMINE<\/a><\/div>\n\t\t\t<div class=\"ngg-albumcontent\">\n\t\t\t\t<div class=\"ngg-thumbnail\">\n\t\t\t\t\t<a href=\"http:\/\/joelahtmekultuur.ee\/lookultuurikeskus\/galerii\/2011-2\/nggallery\/2011\/24-04-munaskulptuuri-taasavamine\"><img class=\"Thumb\" alt=\"24.04 MUNASKULPTUURI TAASAVAMINE\" src=\"http:\/\/joelahtmekultuur.ee\/lookultuurikeskus\/wp-content\/uploads\/sites\/6\/nggallery\/24-04-munaskulptuuri-taasavamine\/cache\/DSC_0630-Large.JPG-nggid0518655-ngg0dyn-240x240x100-00f0w010c011r110f110r010t010.JPG\"\/><\/a>\n\t\t\t\t<\/div>\n\t\t\t\t<div class=\"ngg-description\">\n\t\t\t\t<p><\/p>\n\t\t\t\t\t\t\t\t<p class=\"ngg-album-gallery-image-counter\"><strong>159<\/strong>&nbsp;Photos<\/p>\n\t\t\t\t\t\t\t<\/div>\n\t\t<\/div>\n\t<\/div>\n\n\t\n\t<div class=\"ngg-album\">\n\t\t<div class=\"ngg-albumtitle\"><a href=\"http:\/\/joelahtmekultuur.ee\/lookultuurikeskus\/galerii\/2011-2\/nggallery\/2011\/27-04-arukula-tantsupaev\">27.04 ARUK\u00dcLA TANTSUP\u00c4EV<\/a><\/div>\n\t\t\t<div class=\"ngg-albumcontent\">\n\t\t\t\t<div class=\"ngg-thumbnail\">\n\t\t\t\t\t<a href=\"http:\/\/joelahtmekultuur.ee\/lookultuurikeskus\/galerii\/2011-2\/nggallery\/2011\/27-04-arukula-tantsupaev\"><img class=\"Thumb\" alt=\"27.04 ARUK\u00dcLA TANTSUP\u00c4EV\" src=\"http:\/\/joelahtmekultuur.ee\/lookultuurikeskus\/wp-content\/uploads\/sites\/6\/nggallery\/27-04-arukula-tantsupaev\/cache\/DSCN7110-Large.jpg-nggid0518646-ngg0dyn-240x240x100-00f0w010c011r110f110r010t010.jpg\"\/><\/a>\n\t\t\t\t<\/div>\n\t\t\t\t<div class=\"ngg-description\">\n\t\t\t\t<p><\/p>\n\t\t\t\t\t\t\t\t<p class=\"ngg-album-gallery-image-counter\"><strong>9<\/strong>&nbsp;Photos<\/p>\n\t\t\t\t\t\t\t<\/div>\n\t\t<\/div>\n\t<\/div>\n\n\t\n\t<div class=\"ngg-album\">\n\t\t<div class=\"ngg-albumtitle\"><a href=\"http:\/\/joelahtmekultuur.ee\/lookultuurikeskus\/galerii\/2011-2\/nggallery\/2011\/05-05-seenioride-umarlaud-vestlusringis\">05.05 SEENIORIDE \u00dcMARLAUD VESTLUSRINGIS<\/a><\/div>\n\t\t\t<div class=\"ngg-albumcontent\">\n\t\t\t\t<div class=\"ngg-thumbnail\">\n\t\t\t\t\t<a href=\"http:\/\/joelahtmekultuur.ee\/lookultuurikeskus\/galerii\/2011-2\/nggallery\/2011\/05-05-seenioride-umarlaud-vestlusringis\"><img class=\"Thumb\" alt=\"05.05 SEENIORIDE \u00dcMARLAUD VESTLUSRINGIS\" src=\"http:\/\/joelahtmekultuur.ee\/lookultuurikeskus\/wp-content\/uploads\/sites\/6\/nggallery\/05-05-seenioride-umarlaud-vestlusringis\/cache\/Picture-009-Large.jpg-nggid0518631-ngg0dyn-240x240x100-00f0w010c011r110f110r010t010.jpg\"\/><\/a>\n\t\t\t\t<\/div>\n\t\t\t\t<div class=\"ngg-description\">\n\t\t\t\t<p><\/p>\n\t\t\t\t\t\t\t\t<p class=\"ngg-album-gallery-image-counter\"><strong>15<\/strong>&nbsp;Photos<\/p>\n\t\t\t\t\t\t\t<\/div>\n\t\t<\/div>\n\t<\/div>\n\n\t\n\t<div class=\"ngg-album\">\n\t\t<div class=\"ngg-albumtitle\"><a href=\"http:\/\/joelahtmekultuur.ee\/lookultuurikeskus\/galerii\/2011-2\/nggallery\/2011\/05-05-saha-laat-ja-heakorrapaev-lool\">05.05 SAHA LAAT JA HEAKORRAP\u00c4EV LOOL<\/a><\/div>\n\t\t\t<div class=\"ngg-albumcontent\">\n\t\t\t\t<div class=\"ngg-thumbnail\">\n\t\t\t\t\t<a href=\"http:\/\/joelahtmekultuur.ee\/lookultuurikeskus\/galerii\/2011-2\/nggallery\/2011\/05-05-saha-laat-ja-heakorrapaev-lool\"><img class=\"Thumb\" alt=\"05.05 SAHA LAAT JA HEAKORRAP\u00c4EV LOOL\" src=\"http:\/\/joelahtmekultuur.ee\/lookultuurikeskus\/wp-content\/uploads\/sites\/6\/nggallery\/05-05-saha-laat-ja-heakorrapaev-lool\/cache\/DSCN7147-Large.jpg-nggid0518622-ngg0dyn-240x240x100-00f0w010c011r110f110r010t010.jpg\"\/><\/a>\n\t\t\t\t<\/div>\n\t\t\t\t<div class=\"ngg-description\">\n\t\t\t\t<p><\/p>\n\t\t\t\t\t\t\t\t<p class=\"ngg-album-gallery-image-counter\"><strong>9<\/strong>&nbsp;Photos<\/p>\n\t\t\t\t\t\t\t<\/div>\n\t\t<\/div>\n\t<\/div>\n\n\t\n\t<div class=\"ngg-album\">\n\t\t<div class=\"ngg-albumtitle\"><a href=\"http:\/\/joelahtmekultuur.ee\/lookultuurikeskus\/galerii\/2011-2\/nggallery\/2011\/08-05-grillfest-ja-loo-laat\">08.05 GRILLFEST JA LOO LAAT<\/a><\/div>\n\t\t\t<div class=\"ngg-albumcontent\">\n\t\t\t\t<div class=\"ngg-thumbnail\">\n\t\t\t\t\t<a href=\"http:\/\/joelahtmekultuur.ee\/lookultuurikeskus\/galerii\/2011-2\/nggallery\/2011\/08-05-grillfest-ja-loo-laat\"><img class=\"Thumb\" alt=\"08.05 GRILLFEST JA LOO LAAT\" src=\"http:\/\/joelahtmekultuur.ee\/lookultuurikeskus\/wp-content\/uploads\/sites\/6\/nggallery\/08-05-grillfest-ja-loo-laat\/cache\/DSCN7162-Large.jpg-nggid0518517-ngg0dyn-240x240x100-00f0w010c011r110f110r010t010.jpg\"\/><\/a>\n\t\t\t\t<\/div>\n\t\t\t\t<div class=\"ngg-description\">\n\t\t\t\t<p><\/p>\n\t\t\t\t\t\t\t\t<p class=\"ngg-album-gallery-image-counter\"><strong>105<\/strong>&nbsp;Photos<\/p>\n\t\t\t\t\t\t\t<\/div>\n\t\t<\/div>\n\t<\/div>\n\n\t\n\t<div class=\"ngg-album\">\n\t\t<div class=\"ngg-albumtitle\"><a href=\"http:\/\/joelahtmekultuur.ee\/lookultuurikeskus\/galerii\/2011-2\/nggallery\/2011\/17-05-joelahtme-muusikakooli-eelkoolilaste-kontsert\">17.05 J\u00d5EL\u00c4HTME MUUSIKAKOOLI EELKOOLILASTE KONTSERT<\/a><\/div>\n\t\t\t<div class=\"ngg-albumcontent\">\n\t\t\t\t<div class=\"ngg-thumbnail\">\n\t\t\t\t\t<a href=\"http:\/\/joelahtmekultuur.ee\/lookultuurikeskus\/galerii\/2011-2\/nggallery\/2011\/17-05-joelahtme-muusikakooli-eelkoolilaste-kontsert\"><img class=\"Thumb\" alt=\"17.05 J\u00d5EL\u00c4HTME MUUSIKAKOOLI EELKOOLILASTE KONTSERT\" src=\"http:\/\/joelahtmekultuur.ee\/lookultuurikeskus\/wp-content\/uploads\/sites\/6\/nggallery\/17-05-joelahtme-muusikakooli-eelkoolilaste-kontsert\/cache\/DSCN3102-Large.jpg-nggid0518510-ngg0dyn-240x240x100-00f0w010c011r110f110r010t010.jpg\"\/><\/a>\n\t\t\t\t<\/div>\n\t\t\t\t<div class=\"ngg-description\">\n\t\t\t\t<p><\/p>\n\t\t\t\t\t\t\t\t<p class=\"ngg-album-gallery-image-counter\"><strong>7<\/strong>&nbsp;Photos<\/p>\n\t\t\t\t\t\t\t<\/div>\n\t\t<\/div>\n\t<\/div>\n\n\t\n\t<div class=\"ngg-album\">\n\t\t<div class=\"ngg-albumtitle\"><a href=\"http:\/\/joelahtmekultuur.ee\/lookultuurikeskus\/galerii\/2011-2\/nggallery\/2011\/21-05-kevad-kaes-paul-ruudi-kergemuusikakoor\">21.05 KEVAD K\u00c4ES - PAUL RUUDI KERGEMUUSIKAKOOR<\/a><\/div>\n\t\t\t<div class=\"ngg-albumcontent\">\n\t\t\t\t<div class=\"ngg-thumbnail\">\n\t\t\t\t\t<a href=\"http:\/\/joelahtmekultuur.ee\/lookultuurikeskus\/galerii\/2011-2\/nggallery\/2011\/21-05-kevad-kaes-paul-ruudi-kergemuusikakoor\"><img class=\"Thumb\" alt=\"21.05 KEVAD K\u00c4ES - PAUL RUUDI KERGEMUUSIKAKOOR\" src=\"http:\/\/joelahtmekultuur.ee\/lookultuurikeskus\/wp-content\/uploads\/sites\/6\/nggallery\/21-05-kevad-kaes-paul-ruudi-kergemuusikakoor\/cache\/DSCN3125-Large.jpg-nggid0518502-ngg0dyn-240x240x100-00f0w010c011r110f110r010t010.jpg\"\/><\/a>\n\t\t\t\t<\/div>\n\t\t\t\t<div class=\"ngg-description\">\n\t\t\t\t<p><\/p>\n\t\t\t\t\t\t\t\t<p class=\"ngg-album-gallery-image-counter\"><strong>8<\/strong>&nbsp;Photos<\/p>\n\t\t\t\t\t\t\t<\/div>\n\t\t<\/div>\n\t<\/div>\n\n\t\n\t<div class=\"ngg-album\">\n\t\t<div class=\"ngg-albumtitle\"><a href=\"http:\/\/joelahtmekultuur.ee\/lookultuurikeskus\/galerii\/2011-2\/nggallery\/2011\/25-05-joelahtme-muusikakooli-rahvapilli-ja-viiulieriala-opilaste-kontsert\">25.05 J\u00d5EL\u00c4HTME MUUSIKAKOOLI RAHVAPILLI- JA VIIULIERIALA \u00d5PILASTE KONTSERT<\/a><\/div>\n\t\t\t<div class=\"ngg-albumcontent\">\n\t\t\t\t<div class=\"ngg-thumbnail\">\n\t\t\t\t\t<a href=\"http:\/\/joelahtmekultuur.ee\/lookultuurikeskus\/galerii\/2011-2\/nggallery\/2011\/25-05-joelahtme-muusikakooli-rahvapilli-ja-viiulieriala-opilaste-kontsert\"><img class=\"Thumb\" alt=\"25.05 J\u00d5EL\u00c4HTME MUUSIKAKOOLI RAHVAPILLI- JA VIIULIERIALA \u00d5PILASTE KONTSERT\" src=\"http:\/\/joelahtmekultuur.ee\/lookultuurikeskus\/wp-content\/uploads\/sites\/6\/nggallery\/25-05-joelahtme-muusikakooli-rahvapilli-ja-viiulieriala-opilaste-kontsert\/cache\/DSCN3139-Large.jpg-nggid0518488-ngg0dyn-240x240x100-00f0w010c011r110f110r010t010.jpg\"\/><\/a>\n\t\t\t\t<\/div>\n\t\t\t\t<div class=\"ngg-description\">\n\t\t\t\t<p><\/p>\n\t\t\t\t\t\t\t\t<p class=\"ngg-album-gallery-image-counter\"><strong>14<\/strong>&nbsp;Photos<\/p>\n\t\t\t\t\t\t\t<\/div>\n\t\t<\/div>\n\t<\/div>\n\n\t\n\t<div class=\"ngg-album\">\n\t\t<div class=\"ngg-albumtitle\"><a href=\"http:\/\/joelahtmekultuur.ee\/lookultuurikeskus\/galerii\/2011-2\/nggallery\/2011\/26-05-loo-kultuurikeskuse-naiteringi-hooaja-lopetamine\">26.05 LOO KULTUURIKESKUSE N\u00c4ITERINGI HOOAJA L\u00d5PETAMINE<\/a><\/div>\n\t\t\t<div class=\"ngg-albumcontent\">\n\t\t\t\t<div class=\"ngg-thumbnail\">\n\t\t\t\t\t<a href=\"http:\/\/joelahtmekultuur.ee\/lookultuurikeskus\/galerii\/2011-2\/nggallery\/2011\/26-05-loo-kultuurikeskuse-naiteringi-hooaja-lopetamine\"><img class=\"Thumb\" alt=\"26.05 LOO KULTUURIKESKUSE N\u00c4ITERINGI HOOAJA L\u00d5PETAMINE\" src=\"http:\/\/joelahtmekultuur.ee\/lookultuurikeskus\/wp-content\/uploads\/sites\/6\/nggallery\/26-05-loo-kultuurikeskuse-naiteringi-hooaja-lopetamine\/cache\/DSCN3117-Large.jpg-nggid0518462-ngg0dyn-240x240x100-00f0w010c011r110f110r010t010.jpg\"\/><\/a>\n\t\t\t\t<\/div>\n\t\t\t\t<div class=\"ngg-description\">\n\t\t\t\t<p><\/p>\n\t\t\t\t\t\t\t\t<p class=\"ngg-album-gallery-image-counter\"><strong>26<\/strong>&nbsp;Photos<\/p>\n\t\t\t\t\t\t\t<\/div>\n\t\t<\/div>\n\t<\/div>\n\n\t\n\t<div class=\"ngg-album\">\n\t\t<div class=\"ngg-albumtitle\"><a href=\"http:\/\/joelahtmekultuur.ee\/lookultuurikeskus\/galerii\/2011-2\/nggallery\/2011\/15-aastat-uhist-lauluteed-loo-maardu-segakoori-juubelikontsert\">15 AASTAT \u00dcHIST LAULUTEED, LOO-MAARDU SEGAKOORI JUUBELIKONTSERT<\/a><\/div>\n\t\t\t<div class=\"ngg-albumcontent\">\n\t\t\t\t<div class=\"ngg-thumbnail\">\n\t\t\t\t\t<a href=\"http:\/\/joelahtmekultuur.ee\/lookultuurikeskus\/galerii\/2011-2\/nggallery\/2011\/15-aastat-uhist-lauluteed-loo-maardu-segakoori-juubelikontsert\"><img class=\"Thumb\" alt=\"15 AASTAT \u00dcHIST LAULUTEED, LOO-MAARDU SEGAKOORI JUUBELIKONTSERT\" src=\"http:\/\/joelahtmekultuur.ee\/lookultuurikeskus\/wp-content\/uploads\/sites\/6\/nggallery\/15-aastat-uhist-lauluteed-loo-maardu-segakoori-juubelikontsert\/cache\/DSCN3165-Large.jpg-nggid0518447-ngg0dyn-240x240x100-00f0w010c011r110f110r010t010.jpg\"\/><\/a>\n\t\t\t\t<\/div>\n\t\t\t\t<div class=\"ngg-description\">\n\t\t\t\t<p><\/p>\n\t\t\t\t\t\t\t\t<p class=\"ngg-album-gallery-image-counter\"><strong>15<\/strong>&nbsp;Photos<\/p>\n\t\t\t\t\t\t\t<\/div>\n\t\t<\/div>\n\t<\/div>\n\n\t\n\t<div class=\"ngg-album\">\n\t\t<div class=\"ngg-albumtitle\"><a href=\"http:\/\/joelahtmekultuur.ee\/lookultuurikeskus\/galerii\/2011-2\/nggallery\/2011\/30-05-loo-noored-raasiku-noortel-kulas\">30.05 LOO NOORED RAASIKU NOORTEL K\u00dcLAS<\/a><\/div>\n\t\t\t<div class=\"ngg-albumcontent\">\n\t\t\t\t<div class=\"ngg-thumbnail\">\n\t\t\t\t\t<a href=\"http:\/\/joelahtmekultuur.ee\/lookultuurikeskus\/galerii\/2011-2\/nggallery\/2011\/30-05-loo-noored-raasiku-noortel-kulas\"><img class=\"Thumb\" alt=\"30.05 LOO NOORED RAASIKU NOORTEL K\u00dcLAS\" src=\"http:\/\/joelahtmekultuur.ee\/lookultuurikeskus\/wp-content\/uploads\/sites\/6\/nggallery\/30-05-loo-noored-raasiku-noortel-kulas\/cache\/DSCN3185-Large.jpg-nggid0518426-ngg0dyn-240x240x100-00f0w010c011r110f110r010t010.jpg\"\/><\/a>\n\t\t\t\t<\/div>\n\t\t\t\t<div class=\"ngg-description\">\n\t\t\t\t<p><\/p>\n\t\t\t\t\t\t\t\t<p class=\"ngg-album-gallery-image-counter\"><strong>21<\/strong>&nbsp;Photos<\/p>\n\t\t\t\t\t\t\t<\/div>\n\t\t<\/div>\n\t<\/div>\n\n\t\n\t<div class=\"ngg-album\">\n\t\t<div class=\"ngg-albumtitle\"><a href=\"http:\/\/joelahtmekultuur.ee\/lookultuurikeskus\/galerii\/2011-2\/nggallery\/2011\/01-06-noorte-disco-kooli-sisehoovis\">01.06 NOORTE DISCO KOOLI SISEHOOVIS<\/a><\/div>\n\t\t\t<div class=\"ngg-albumcontent\">\n\t\t\t\t<div class=\"ngg-thumbnail\">\n\t\t\t\t\t<a href=\"http:\/\/joelahtmekultuur.ee\/lookultuurikeskus\/galerii\/2011-2\/nggallery\/2011\/01-06-noorte-disco-kooli-sisehoovis\"><img class=\"Thumb\" alt=\"01.06 NOORTE DISCO KOOLI SISEHOOVIS\" src=\"http:\/\/joelahtmekultuur.ee\/lookultuurikeskus\/wp-content\/uploads\/sites\/6\/nggallery\/01-06-noorte-disco-kooli-sisehoovis\/cache\/DSCN3213-Large.jpg-nggid0518402-ngg0dyn-240x240x100-00f0w010c011r110f110r010t010.jpg\"\/><\/a>\n\t\t\t\t<\/div>\n\t\t\t\t<div class=\"ngg-description\">\n\t\t\t\t<p><\/p>\n\t\t\t\t\t\t\t\t<p class=\"ngg-album-gallery-image-counter\"><strong>9<\/strong>&nbsp;Photos<\/p>\n\t\t\t\t\t\t\t<\/div>\n\t\t<\/div>\n\t<\/div>\n\n\t\n\t<div class=\"ngg-album\">\n\t\t<div class=\"ngg-albumtitle\"><a href=\"http:\/\/joelahtmekultuur.ee\/lookultuurikeskus\/galerii\/2011-2\/nggallery\/2011\/01-06-spordipaev\">01.06 SPORDIP\u00c4EV<\/a><\/div>\n\t\t\t<div class=\"ngg-albumcontent\">\n\t\t\t\t<div class=\"ngg-thumbnail\">\n\t\t\t\t\t<a href=\"http:\/\/joelahtmekultuur.ee\/lookultuurikeskus\/galerii\/2011-2\/nggallery\/2011\/01-06-spordipaev\"><img class=\"Thumb\" alt=\"01.06 SPORDIP\u00c4EV\" src=\"http:\/\/joelahtmekultuur.ee\/lookultuurikeskus\/wp-content\/uploads\/sites\/6\/nggallery\/01-06-spordipaev\/cache\/DSCN3204-Large.jpg-nggid0518393-ngg0dyn-240x240x100-00f0w010c011r110f110r010t010.jpg\"\/><\/a>\n\t\t\t\t<\/div>\n\t\t\t\t<div class=\"ngg-description\">\n\t\t\t\t<p><\/p>\n\t\t\t\t\t\t\t\t<p class=\"ngg-album-gallery-image-counter\"><strong>9<\/strong>&nbsp;Photos<\/p>\n\t\t\t\t\t\t\t<\/div>\n\t\t<\/div>\n\t<\/div>\n\n\t\n\t<div class=\"ngg-album\">\n\t\t<div class=\"ngg-albumtitle\"><a href=\"http:\/\/joelahtmekultuur.ee\/lookultuurikeskus\/galerii\/2011-2\/nggallery\/2011\/08-06-09-06-kihnu-ekskursioon\">08.06-09.06 KIHNU EKSKURSIOON<\/a><\/div>\n\t\t\t<div class=\"ngg-albumcontent\">\n\t\t\t\t<div class=\"ngg-thumbnail\">\n\t\t\t\t\t<a href=\"http:\/\/joelahtmekultuur.ee\/lookultuurikeskus\/galerii\/2011-2\/nggallery\/2011\/08-06-09-06-kihnu-ekskursioon\"><img class=\"Thumb\" alt=\"08.06-09.06 KIHNU EKSKURSIOON\" src=\"http:\/\/joelahtmekultuur.ee\/lookultuurikeskus\/wp-content\/uploads\/sites\/6\/nggallery\/08-06-09-06-kihnu-ekskursioon\/cache\/Picture-027-Large.jpg-nggid0518387-ngg0dyn-240x240x100-00f0w010c011r110f110r010t010.jpg\"\/><\/a>\n\t\t\t\t<\/div>\n\t\t\t\t<div class=\"ngg-description\">\n\t\t\t\t<p><\/p>\n\t\t\t\t\t\t\t\t<p class=\"ngg-album-gallery-image-counter\"><strong>6<\/strong>&nbsp;Photos<\/p>\n\t\t\t\t\t\t\t<\/div>\n\t\t<\/div>\n\t<\/div>\n\n\t\n\t<div class=\"ngg-album\">\n\t\t<div class=\"ngg-albumtitle\"><a href=\"http:\/\/joelahtmekultuur.ee\/lookultuurikeskus\/galerii\/2011-2\/nggallery\/2011\/10-06-pulm-loo-keskkooli-abiturientide-koolieksam-praktiline-too\">10.06 PULM, LOO KESKKOOLI ABITURIENTIDE KOOLIEKSAM, PRAKTILINE T\u00d6\u00d6<\/a><\/div>\n\t\t\t<div class=\"ngg-albumcontent\">\n\t\t\t\t<div class=\"ngg-thumbnail\">\n\t\t\t\t\t<a href=\"http:\/\/joelahtmekultuur.ee\/lookultuurikeskus\/galerii\/2011-2\/nggallery\/2011\/10-06-pulm-loo-keskkooli-abiturientide-koolieksam-praktiline-too\"><img class=\"Thumb\" alt=\"10.06 PULM, LOO KESKKOOLI ABITURIENTIDE KOOLIEKSAM, PRAKTILINE T\u00d6\u00d6\" src=\"http:\/\/joelahtmekultuur.ee\/lookultuurikeskus\/wp-content\/uploads\/sites\/6\/nggallery\/10-06-pulm-loo-keskkooli-abiturientide-koolieksam-praktiline-too\/cache\/DSCN3231-Large.jpg-nggid0518350-ngg0dyn-240x240x100-00f0w010c011r110f110r010t010.jpg\"\/><\/a>\n\t\t\t\t<\/div>\n\t\t\t\t<div class=\"ngg-description\">\n\t\t\t\t<p><\/p>\n\t\t\t\t\t\t\t\t<p class=\"ngg-album-gallery-image-counter\"><strong>37<\/strong>&nbsp;Photos<\/p>\n\t\t\t\t\t\t\t<\/div>\n\t\t<\/div>\n\t<\/div>\n\n\t\t\n\t<!-- Pagination -->\n\t\t<div class='ngg-navigation'><span class='current'>1<\/span>\n<a class='page-numbers' data-pageid='2' href='http:\/\/joelahtmekultuur.ee\/lookultuurikeskus\/galerii\/2011-2\/nggallery\/page\/2'>2<\/a>\n<a class='prev' href='http:\/\/joelahtmekultuur.ee\/lookultuurikeskus\/galerii\/2011-2\/nggallery\/page\/2' data-pageid=2>&#9658;<\/a><\/div>\t\n<\/div>\n\n\t<\/p>\n","protected":false},"excerpt":{"rendered":"<p>08.10 KODUVALLA KIRJANEITSID &#8211; HELI VIHT, MERJE KLAMAS, MAIRE PAPP PIHLAKOBARA TERVISEKUU \u00dcMARLAUD 06.01 SEENIORIDE \u00dcMARLAUD, K\u00dcLAS MARGUS KIRJA 2&nbsp;Photos 07.01 NOORTEPIDU 13&nbsp;Photos 10.01 KUUSKEDE P\u00d5LETAMINE 30&nbsp;Photos 19.01 IGOR MANGI K\u00dcLASK\u00c4IK 15&nbsp;Photos 25.01 REIN RANNAPI KONTSERT &#8211; S\u00d5RMEPALAVIK 33&nbsp;Photos 27.01 J\u00d5EL\u00c4HTME VALLA S\u00dcNNIP\u00c4EV 22&nbsp;Photos 03.02 SEENIORIDE \u00dcMARLAUD 4&nbsp;Photos 04.02 TANTSU\u00d5HTU T\u00c4ISKASVANUTELE 16&nbsp;Photos 07.02 K\u00c4RAMA 3&nbsp;Photos [&hellip;]<\/p>\n","protected":false},"author":1,"featured_media":0,"parent":3192,"menu_order":0,"comment_status":"closed","ping_status":"closed","template":"page-c.php","meta":{"ngg_post_thumbnail":0,"footnotes":""},"class_list":["post-3211","page","type-page","status-publish","hentry"],"_links":{"self":[{"href":"http:\/\/joelahtmekultuur.ee\/lookultuurikeskus\/wp-json\/wp\/v2\/pages\/3211","targetHints":{"allow":["GET"]}}],"collection":[{"href":"http:\/\/joelahtmekultuur.ee\/lookultuurikeskus\/wp-json\/wp\/v2\/pages"}],"about":[{"href":"http:\/\/joelahtmekultuur.ee\/lookultuurikeskus\/wp-json\/wp\/v2\/types\/page"}],"author":[{"embeddable":true,"href":"http:\/\/joelahtmekultuur.ee\/lookultuurikeskus\/wp-json\/wp\/v2\/users\/1"}],"replies":[{"embeddable":true,"href":"http:\/\/joelahtmekultuur.ee\/lookultuurikeskus\/wp-json\/wp\/v2\/comments?post=3211"}],"version-history":[{"count":2,"href":"http:\/\/joelahtmekultuur.ee\/lookultuurikeskus\/wp-json\/wp\/v2\/pages\/3211\/revisions"}],"predecessor-version":[{"id":6444,"href":"http:\/\/joelahtmekultuur.ee\/lookultuurikeskus\/wp-json\/wp\/v2\/pages\/3211\/revisions\/6444"}],"up":[{"embeddable":true,"href":"http:\/\/joelahtmekultuur.ee\/lookultuurikeskus\/wp-json\/wp\/v2\/pages\/3192"}],"wp:attachment":[{"href":"http:\/\/joelahtmekultuur.ee\/lookultuurikeskus\/wp-json\/wp\/v2\/media?parent=3211"}],"curies":[{"name":"wp","href":"https:\/\/api.w.org\/{rel}","templated":true}]}}