{"id":81196,"date":"2023-09-06T10:17:01","date_gmt":"2023-09-06T07:17:01","guid":{"rendered":"http:\/\/joelahtmekultuur.ee\/lookultuurikeskus\/?page_id=81196"},"modified":"2026-06-02T11:21:24","modified_gmt":"2026-06-02T08:21:24","slug":"loo-perepaev","status":"publish","type":"page","link":"http:\/\/joelahtmekultuur.ee\/lookultuurikeskus\/loo-perepaev\/","title":{"rendered":"SEENIORIDE TEGEVUS"},"content":{"rendered":"<p>J\u00d5EL\u00c4HTME SEENIORID JUUNIS:<\/p>\n<p><a href=\"http:\/\/joelahtmekultuur.ee\/lookultuurikeskus\/wp-content\/uploads\/sites\/6\/2026\/06\/HOOAJA-LOPUPIKNIK-8.06.26.jpg\"><img loading=\"lazy\" decoding=\"async\" class=\"wp-image-88520 alignleft\" src=\"http:\/\/joelahtmekultuur.ee\/lookultuurikeskus\/wp-content\/uploads\/sites\/6\/2026\/06\/HOOAJA-LOPUPIKNIK-8.06.26.jpg\" alt=\"\" width=\"218\" height=\"308\" srcset=\"http:\/\/joelahtmekultuur.ee\/lookultuurikeskus\/wp-content\/uploads\/sites\/6\/2026\/06\/HOOAJA-LOPUPIKNIK-8.06.26.jpg 1587w, http:\/\/joelahtmekultuur.ee\/lookultuurikeskus\/wp-content\/uploads\/sites\/6\/2026\/06\/HOOAJA-LOPUPIKNIK-8.06.26-212x300.jpg 212w, http:\/\/joelahtmekultuur.ee\/lookultuurikeskus\/wp-content\/uploads\/sites\/6\/2026\/06\/HOOAJA-LOPUPIKNIK-8.06.26-724x1024.jpg 724w, http:\/\/joelahtmekultuur.ee\/lookultuurikeskus\/wp-content\/uploads\/sites\/6\/2026\/06\/HOOAJA-LOPUPIKNIK-8.06.26-768x1086.jpg 768w, http:\/\/joelahtmekultuur.ee\/lookultuurikeskus\/wp-content\/uploads\/sites\/6\/2026\/06\/HOOAJA-LOPUPIKNIK-8.06.26-1086x1536.jpg 1086w, http:\/\/joelahtmekultuur.ee\/lookultuurikeskus\/wp-content\/uploads\/sites\/6\/2026\/06\/HOOAJA-LOPUPIKNIK-8.06.26-1448x2048.jpg 1448w\" sizes=\"auto, (max-width: 218px) 100vw, 218px\" \/><\/a><strong>J\u00f5el\u00e4htme seenioride HOOAJA L\u00d5PUPIKNIK<\/strong><\/p>\n<div>\n<div class=\"xdj266r x14z9mp xat24cr x1lziwak x1vvkbs\">\n<div class=\"xdj266r x14z9mp xat24cr x1lziwak x1vvkbs\"><strong>esmasp\u00e4eval, 8. juunil kell 12.00<\/strong><br class=\"html-br\">Loo Kultuurikeskuse A-saalis &#8211; Kuusiku tee 1a<\/div>\n<div>&nbsp;<\/div>\n<div class=\"x14z9mp xat24cr x1lziwak x1vvkbs xtlvy1s\">Esinevad: J\u00f5el\u00e4htme rahvamaja akordionistide ansambel L\u00c4\u00c4NEMERE LAINED, J\u00f5el\u00e4htme Seeniorid, Kostivere Linetants<\/div>\n<div class=\"x14z9mp xat24cr x1lziwak x1vvkbs xtlvy1s\">Kutsume sind m\u00f5nusale hooaja l\u00f5pupiknikule! Veedame koos toreda p\u00e4rastl\u00f5una heas seltskonnas, naudime suve ja t\u00e4histame peagi algavat puhkust.<\/div>\n<div class=\"x14z9mp xat24cr x1lziwak x1vvkbs xtlvy1s\">V\u00f5ta midagi head oma piknikulauale kaasa \u2013 jagatud r\u00f5\u00f5m on mitmekordne r\u00f5\u00f5m!<\/div>\n<div class=\"x14z9mp xat24cr x1lziwak x1vvkbs xtlvy1s\">&nbsp;<\/div>\n<\/div>\n<div class=\"x14z9mp xat24cr x1lziwak x1vvkbs xtlvy1s\">Lisainfo: Lily Kivila &#8211; 5907 3447 ja Hilda M\u00e4nnik &#8211; 5345 4131<\/div>\n<\/div>\n<div>&nbsp;<\/div>\n<div>&nbsp;<\/div>\n<p><a href=\"http:\/\/joelahtmekultuur.ee\/lookultuurikeskus\/wp-content\/uploads\/sites\/6\/2025\/08\/JOUSAAL-EMMEDELE-JA-SEENIORIDELE-1.jpg\"><img loading=\"lazy\" decoding=\"async\" class=\"wp-image-86670 alignleft\" src=\"http:\/\/joelahtmekultuur.ee\/lookultuurikeskus\/wp-content\/uploads\/sites\/6\/2025\/08\/JOUSAAL-EMMEDELE-JA-SEENIORIDELE-1.jpg\" alt=\"\" width=\"222\" height=\"314\" srcset=\"http:\/\/joelahtmekultuur.ee\/lookultuurikeskus\/wp-content\/uploads\/sites\/6\/2025\/08\/JOUSAAL-EMMEDELE-JA-SEENIORIDELE-1.jpg 1587w, http:\/\/joelahtmekultuur.ee\/lookultuurikeskus\/wp-content\/uploads\/sites\/6\/2025\/08\/JOUSAAL-EMMEDELE-JA-SEENIORIDELE-1-212x300.jpg 212w, http:\/\/joelahtmekultuur.ee\/lookultuurikeskus\/wp-content\/uploads\/sites\/6\/2025\/08\/JOUSAAL-EMMEDELE-JA-SEENIORIDELE-1-724x1024.jpg 724w, http:\/\/joelahtmekultuur.ee\/lookultuurikeskus\/wp-content\/uploads\/sites\/6\/2025\/08\/JOUSAAL-EMMEDELE-JA-SEENIORIDELE-1-768x1086.jpg 768w, http:\/\/joelahtmekultuur.ee\/lookultuurikeskus\/wp-content\/uploads\/sites\/6\/2025\/08\/JOUSAAL-EMMEDELE-JA-SEENIORIDELE-1-1086x1536.jpg 1086w, http:\/\/joelahtmekultuur.ee\/lookultuurikeskus\/wp-content\/uploads\/sites\/6\/2025\/08\/JOUSAAL-EMMEDELE-JA-SEENIORIDELE-1-1448x2048.jpg 1448w\" sizes=\"auto, (max-width: 222px) 100vw, 222px\" \/><\/a><\/p>\n<p><strong>Seenioridele<\/strong> on <strong>Loo J\u00f5usaalis<\/strong> avatud eriajad:<\/p>\n<p><strong>esmasp\u00e4eviti<\/strong> &#8211; kell 9.00-13.00<\/p>\n<p><strong>neljap\u00e4eviti<\/strong> &#8211; kell 9.00-13.00<\/p>\n<p>Sissep\u00e4\u00e4s Loo J\u00f5usaali maksab J\u00f5el\u00e4htme valla seenioridele 2\u20ac ja tasutakse kohapeal.<\/p>\n<p>Tule trenni!<\/p>\n<p>&nbsp;<\/p>\n<p>&nbsp;<\/p>\n<p>&nbsp;<\/p>\n<p>&nbsp;<\/p>\n<p>&nbsp;<\/p>\n<p><a href=\"http:\/\/joelahtmekultuur.ee\/lookultuurikeskus\/wp-content\/uploads\/sites\/6\/2025\/09\/SEENIORIDE-VOIMLEMINE-2024.jpg\"><img loading=\"lazy\" decoding=\"async\" class=\"wp-image-87024 alignleft\" src=\"http:\/\/joelahtmekultuur.ee\/lookultuurikeskus\/wp-content\/uploads\/sites\/6\/2025\/09\/SEENIORIDE-VOIMLEMINE-2024.jpg\" alt=\"\" width=\"221\" height=\"312\" srcset=\"http:\/\/joelahtmekultuur.ee\/lookultuurikeskus\/wp-content\/uploads\/sites\/6\/2025\/09\/SEENIORIDE-VOIMLEMINE-2024.jpg 1587w, http:\/\/joelahtmekultuur.ee\/lookultuurikeskus\/wp-content\/uploads\/sites\/6\/2025\/09\/SEENIORIDE-VOIMLEMINE-2024-212x300.jpg 212w, http:\/\/joelahtmekultuur.ee\/lookultuurikeskus\/wp-content\/uploads\/sites\/6\/2025\/09\/SEENIORIDE-VOIMLEMINE-2024-724x1024.jpg 724w, http:\/\/joelahtmekultuur.ee\/lookultuurikeskus\/wp-content\/uploads\/sites\/6\/2025\/09\/SEENIORIDE-VOIMLEMINE-2024-768x1086.jpg 768w, http:\/\/joelahtmekultuur.ee\/lookultuurikeskus\/wp-content\/uploads\/sites\/6\/2025\/09\/SEENIORIDE-VOIMLEMINE-2024-1086x1536.jpg 1086w, http:\/\/joelahtmekultuur.ee\/lookultuurikeskus\/wp-content\/uploads\/sites\/6\/2025\/09\/SEENIORIDE-VOIMLEMINE-2024-1448x2048.jpg 1448w\" sizes=\"auto, (max-width: 221px) 100vw, 221px\" \/><\/a><\/p>\n<p>J\u00f5el\u00e4htme valla <strong>seeniorid v\u00f5imlevad<\/strong> alates 9. septembrist koos treener Alisa Mletsiniga igal <strong>teisip\u00e4eval kell 12.30-13.30<\/strong> Loo Kultuurikeskuse A-saalis.<\/p>\n<p>NB! Iga kuu viimasel n\u00e4dalal toimub treening Alisa Mletsiniga Loo J\u00f5usaalis.<\/p>\n<p>&nbsp;<\/p>\n<p>&nbsp;<\/p>\n<p>&nbsp;<\/p>\n<p>&nbsp;<\/p>\n<p>&nbsp;<\/p>\n<p>&nbsp;<\/p>\n<p>&nbsp;<\/p>\n<hr>\n<p><a href=\"http:\/\/joelahtmekultuur.ee\/lookultuurikeskus\/wp-content\/uploads\/sites\/6\/2025\/05\/Nimetu-kujundus-3.png\"><img loading=\"lazy\" decoding=\"async\" class=\"size-full wp-image-85905 aligncenter\" src=\"http:\/\/joelahtmekultuur.ee\/lookultuurikeskus\/wp-content\/uploads\/sites\/6\/2025\/05\/Nimetu-kujundus-3.png\" alt=\"\" width=\"1200\" height=\"628\" srcset=\"http:\/\/joelahtmekultuur.ee\/lookultuurikeskus\/wp-content\/uploads\/sites\/6\/2025\/05\/Nimetu-kujundus-3.png 1200w, http:\/\/joelahtmekultuur.ee\/lookultuurikeskus\/wp-content\/uploads\/sites\/6\/2025\/05\/Nimetu-kujundus-3-300x157.png 300w, http:\/\/joelahtmekultuur.ee\/lookultuurikeskus\/wp-content\/uploads\/sites\/6\/2025\/05\/Nimetu-kujundus-3-1024x536.png 1024w, http:\/\/joelahtmekultuur.ee\/lookultuurikeskus\/wp-content\/uploads\/sites\/6\/2025\/05\/Nimetu-kujundus-3-768x402.png 768w\" sizes=\"auto, (max-width: 1200px) 100vw, 1200px\" \/><\/a><\/p>\n<p>\u00dcha enam hakatakse Eestis m\u00f5tlema erinevate elanikkonnagruppide kaasatusele, nii ka eakate hulgas. Paljudes omavalitsustes on loodud eakate n\u00f5ukogud, kuhu kuuluvad eakate esindajad ja omavalitsuse sotsiaalt\u00f6\u00f6ga tegelevad ametnikud. Ikka selleks, et luua dialoog omavalitsuse ja eakate vahel, lahendada \u00fchiseid muresid, saada n\u00f5u, v\u00f5tta vastu olulisi otsuseid v\u00f5i lihtsalt omavahel suhelda.<\/p>\n<p><strong>J\u00f5el\u00e4htme vallavalitsus on asunud otsima valla eri piirkondade aktiivseid 55+ aastaseid inimesi, kes tahaksid meie \u00fchiskonnaelus s\u00f5na sekka \u00f6elda. Ei ole oluline, et kohe ei tulegi justkui midagi asjalikku meelde \u2013 kindlasti tekib \u00fchiste arutelude k\u00e4igus uusi m\u00f5tteid ja arusaamu.<\/strong><\/p>\n<p>Eakate n\u00f5ukogu \u00fcks eesm\u00e4rke on kutsuda osalema aktiivsesse suhtlemisse. Selleks plaanime korraldada v\u00e4ljas\u00f5ite teatrisse, laatadele, ekskursioonidele ja kohtumistele naaberomavalitsuste eakatega. \u00dcritustel arutleme ja p\u00fc\u00fcame leida just need inimesed, kes soovivad meie eakate muresid ja r\u00f5\u00f5me omavalitsusega jagada.<\/p>\n<p>Organisatsiooni loomise eesm\u00e4rk on anda eakatele v\u00f5imalus osaleda aktiivselt \u00fchiskonnaelu probleemide arutamisel ja oma ettepanekute tegemisel ning l\u00fc\u00fca kaasa \u00fchiskondlikel \u00fcritustel. J\u00f5el\u00e4htme eakate n\u00f5ukogu eestvedajad on <strong>J\u00f5el\u00e4htme vallavalitsus<\/strong>, <strong>Loo kultuurikeskus<\/strong> ja <strong>J\u00f5el\u00e4htme valla p\u00e4evakeskus<\/strong>.&nbsp;<\/p>\n<p>J\u00f5el\u00e4htme eakate n\u00f5ukogu loomist toetatakse EU projektist: kogukonna juhitud kohaliku arengu toetus \u201eSotsiaalne sidusus&#8221; (ESF+) (P\u00f5hja-Harju Koost\u00f6\u00f6kogu) 2025.<\/p>\n<p class=\"x_MsoNormal\">&nbsp;<\/p>\n<p>&nbsp;<\/p>\n<p>&nbsp;<\/p>\n<p style=\"text-align: justify\">&nbsp;<\/p>\n","protected":false},"excerpt":{"rendered":"<p>J\u00d5EL\u00c4HTME SEENIORID JUUNIS: J\u00f5el\u00e4htme seenioride HOOAJA L\u00d5PUPIKNIK esmasp\u00e4eval, 8. juunil kell 12.00Loo Kultuurikeskuse A-saalis &#8211; Kuusiku tee 1a &nbsp; Esinevad: J\u00f5el\u00e4htme rahvamaja akordionistide ansambel L\u00c4\u00c4NEMERE LAINED, J\u00f5el\u00e4htme Seeniorid, Kostivere Linetants Kutsume sind m\u00f5nusale hooaja l\u00f5pupiknikule! Veedame koos toreda p\u00e4rastl\u00f5una heas seltskonnas, naudime suve ja t\u00e4histame peagi algavat puhkust. V\u00f5ta midagi head oma piknikulauale kaasa \u2013 [&hellip;]<\/p>\n","protected":false},"author":7,"featured_media":0,"parent":0,"menu_order":0,"comment_status":"closed","ping_status":"closed","template":"","meta":{"ngg_post_thumbnail":0,"footnotes":""},"class_list":["post-81196","page","type-page","status-publish","hentry"],"_links":{"self":[{"href":"http:\/\/joelahtmekultuur.ee\/lookultuurikeskus\/wp-json\/wp\/v2\/pages\/81196","targetHints":{"allow":["GET"]}}],"collection":[{"href":"http:\/\/joelahtmekultuur.ee\/lookultuurikeskus\/wp-json\/wp\/v2\/pages"}],"about":[{"href":"http:\/\/joelahtmekultuur.ee\/lookultuurikeskus\/wp-json\/wp\/v2\/types\/page"}],"author":[{"embeddable":true,"href":"http:\/\/joelahtmekultuur.ee\/lookultuurikeskus\/wp-json\/wp\/v2\/users\/7"}],"replies":[{"embeddable":true,"href":"http:\/\/joelahtmekultuur.ee\/lookultuurikeskus\/wp-json\/wp\/v2\/comments?post=81196"}],"version-history":[{"count":29,"href":"http:\/\/joelahtmekultuur.ee\/lookultuurikeskus\/wp-json\/wp\/v2\/pages\/81196\/revisions"}],"predecessor-version":[{"id":88527,"href":"http:\/\/joelahtmekultuur.ee\/lookultuurikeskus\/wp-json\/wp\/v2\/pages\/81196\/revisions\/88527"}],"wp:attachment":[{"href":"http:\/\/joelahtmekultuur.ee\/lookultuurikeskus\/wp-json\/wp\/v2\/media?parent=81196"}],"curies":[{"name":"wp","href":"https:\/\/api.w.org\/{rel}","templated":true}]}}